{"id":1006,"date":"2014-09-08T13:15:14","date_gmt":"2014-09-08T13:15:14","guid":{"rendered":"http:\/\/bilmat.org\/calisma_grubu\/?page_id=1006"},"modified":"2021-01-03T21:40:27","modified_gmt":"2021-01-03T21:40:27","slug":"dr-ogr-uyesi-elif-aksan-kilicaslan","status":"publish","type":"page","link":"https:\/\/bilmat.org\/calisma_grubu\/dr-ogr-uyesi-elif-aksan-kilicaslan\/","title":{"rendered":"Dr. \u00d6\u011fr. \u00dcyesi Elif AK\u015eAN KILI\u00c7ASLAN"},"content":{"rendered":"<table border=\"0\" width=\"100%\" cellspacing=\"1\" cellpadding=\"1\" align=\"left\" bgcolor=\"#CCCCCC\">\n<tbody>\n<tr>\n<td bgcolor=\"#CCCCCC\" width=\"116\">\n<div style=\"text-align: left;\" align=\"left\">Dr. \u00d6\u011fr. \u00dcyesi<\/div>\n<div style=\"text-align: left;\" align=\"left\">Elif AK\u015eAN KILI\u00c7ASLAN<a href=\"http:\/\/bilmat.org\/calisma_grubu\/wp-content\/uploads\/2020\/11\/49cc3ac7-42fc-49bf-a4ae-b64df8ff8152-elif-ak\u015fan.jpg\"><img loading=\"lazy\" class=\"aligncenter size-medium wp-image-2305\" src=\"http:\/\/bilmat.org\/calisma_grubu\/wp-content\/uploads\/2020\/11\/49cc3ac7-42fc-49bf-a4ae-b64df8ff8152-elif-ak\u015fan-400x534.jpg\" alt=\"49cc3ac7-42fc-49bf-a4ae-b64df8ff8152 - elif ak\u015fan\" width=\"225\" height=\"300\" srcset=\"https:\/\/bilmat.org\/calisma_grubu\/wp-content\/uploads\/2020\/11\/49cc3ac7-42fc-49bf-a4ae-b64df8ff8152-elif-ak\u015fan-400x534.jpg 400w, https:\/\/bilmat.org\/calisma_grubu\/wp-content\/uploads\/2020\/11\/49cc3ac7-42fc-49bf-a4ae-b64df8ff8152-elif-ak\u015fan-250x334.jpg 250w, https:\/\/bilmat.org\/calisma_grubu\/wp-content\/uploads\/2020\/11\/49cc3ac7-42fc-49bf-a4ae-b64df8ff8152-elif-ak\u015fan-150x200.jpg 150w, https:\/\/bilmat.org\/calisma_grubu\/wp-content\/uploads\/2020\/11\/49cc3ac7-42fc-49bf-a4ae-b64df8ff8152-elif-ak\u015fan-50x67.jpg 50w, https:\/\/bilmat.org\/calisma_grubu\/wp-content\/uploads\/2020\/11\/49cc3ac7-42fc-49bf-a4ae-b64df8ff8152-elif-ak\u015fan-100x134.jpg 100w, https:\/\/bilmat.org\/calisma_grubu\/wp-content\/uploads\/2020\/11\/49cc3ac7-42fc-49bf-a4ae-b64df8ff8152-elif-ak\u015fan-200x267.jpg 200w, https:\/\/bilmat.org\/calisma_grubu\/wp-content\/uploads\/2020\/11\/49cc3ac7-42fc-49bf-a4ae-b64df8ff8152-elif-ak\u015fan-300x401.jpg 300w, https:\/\/bilmat.org\/calisma_grubu\/wp-content\/uploads\/2020\/11\/49cc3ac7-42fc-49bf-a4ae-b64df8ff8152-elif-ak\u015fan-350x467.jpg 350w, https:\/\/bilmat.org\/calisma_grubu\/wp-content\/uploads\/2020\/11\/49cc3ac7-42fc-49bf-a4ae-b64df8ff8152-elif-ak\u015fan-450x601.jpg 450w, https:\/\/bilmat.org\/calisma_grubu\/wp-content\/uploads\/2020\/11\/49cc3ac7-42fc-49bf-a4ae-b64df8ff8152-elif-ak\u015fan-500x668.jpg 500w, https:\/\/bilmat.org\/calisma_grubu\/wp-content\/uploads\/2020\/11\/49cc3ac7-42fc-49bf-a4ae-b64df8ff8152-elif-ak\u015fan.jpg 531w\" sizes=\"(max-width: 225px) 100vw, 225px\" \/><\/a><\/div>\n<div style=\"text-align: left;\" align=\"left\"><\/div>\n<div style=\"text-align: left;\" align=\"left\"><\/div>\n<p>&nbsp;<\/td>\n<td valign=\"top\" bgcolor=\"#FFFFFF\">\n<div align=\"left\">\n<div align=\"left\">\n<div align=\"left\">\n<div align=\"left\">\n<div align=\"left\">\n<div align=\"left\">\n<div align=\"left\">\n<div align=\"left\"><\/div>\n<div align=\"justify\">\n<p>\u00a029 Haziran 1986 tarihinde Trabzon\u2019da do\u011fdu. \u0130lkokul \u00f6\u011frenimini 100. y\u0131l \u0130lk\u00f6\u011fretim Okulu\u2019nda, orta \u00f6\u011frenimini Yunus Emre Anadolu Lisesi\u2019nde ve lise \u00f6\u011frenimini Tevfik Serdar Anadolu Lisesi\u2019nde tamamlad\u0131. 2004 y\u0131l\u0131nda girdi\u011fi Karadeniz Teknik \u00dcniversitesi Fatih E\u011fitim Fak\u00fcltesi Matematik \u00d6\u011fretmenli\u011fi program\u0131n\u0131 2009 y\u0131l\u0131nda bitirdi. Ayn\u0131 y\u0131l Karadeniz Teknik \u00dcniversitesi Orta\u00f6\u011fretim Fen ve Matematik Alanlar\u0131 E\u011fitimi Anabilim dal\u0131 Matematik E\u011fitiminde doktora e\u011fitimine ba\u015flad\u0131. 2010 y\u0131l\u0131nda Karadeniz Teknik \u00dcniversitesi Fatih E\u011fitim Fak\u00fcltesine ara\u015ft\u0131rma g\u00f6revlisi olarak atand\u0131. 2015 y\u0131l\u0131nda doktora e\u011fitimini tamamladi. 2016 y\u0131l\u0131nda ayn\u0131 kuruma \u00f6gretim \u00fcyesi olarak atand\u0131.<br \/>\nAra\u015ft\u0131rmac\u0131n\u0131n yabanc\u0131 dili \u0130ngilizcedir.<\/p>\n<\/div>\n<\/div>\n<\/div>\n<\/div>\n<\/div>\n<\/div>\n<\/div>\n<\/div>\n<\/td>\n<\/tr>\n<tr>\n<td bgcolor=\"#CCCCCC\">\n<div align=\"left\">\u00c7al\u0131\u015fma Alanlar\u0131:<\/div>\n<\/td>\n<td bgcolor=\"#F3F3F3\">Geometri E\u011fitimi, Matematik E\u011fitimi<\/td>\n<\/tr>\n<tr>\n<td bgcolor=\"#CCCCCC\">\n<div align=\"left\">\u0130leti\u015fim Bilgileri:<\/div>\n<\/td>\n<td bgcolor=\"#FFFFFF\"><\/td>\n<\/tr>\n<tr>\n<td bgcolor=\"#CCCCCC\">E-posta:<\/td>\n<td bgcolor=\"#F3F3F3\"><a href=\"mailto:abudak@erzincan.edu.tr\">aksanelif@gmail.com<\/a><\/td>\n<\/tr>\n<tr>\n<td bgcolor=\"#CCCCCC\">\n<div align=\"left\">Web Adresi:<\/div>\n<\/td>\n<td bgcolor=\"#FFFFFF\"><\/td>\n<\/tr>\n<\/tbody>\n<\/table>\n<p style=\"text-align: right;\">\n","protected":false},"excerpt":{"rendered":"<p>Dr. \u00d6\u011fr. \u00dcyesi Elif AK\u015eAN KILI\u00c7ASLAN &nbsp; \u00a029 Haziran 1986 tarihinde Trabzon\u2019da do\u011fdu. \u0130lkokul \u00f6\u011frenimini 100. y\u0131l \u0130lk\u00f6\u011fretim Okulu\u2019nda, orta \u00f6\u011frenimini Yunus Emre Anadolu Lisesi\u2019nde ve lise \u00f6\u011frenimini Tevfik Serdar Anadolu Lisesi\u2019nde tamamlad\u0131. 2004 y\u0131l\u0131nda girdi\u011fi Karadeniz Teknik \u00dcniversitesi Fatih E\u011fitim Fak\u00fcltesi Matematik \u00d6\u011fretmenli\u011fi program\u0131n\u0131 2009 y\u0131l\u0131nda bitirdi. Ayn\u0131 y\u0131l Karadeniz Teknik \u00dcniversitesi Orta\u00f6\u011fretim Fen [&hellip;]<\/p>\n","protected":false},"author":1,"featured_media":0,"parent":0,"menu_order":0,"comment_status":"closed","ping_status":"closed","template":"","meta":[],"_links":{"self":[{"href":"https:\/\/bilmat.org\/calisma_grubu\/wp-json\/wp\/v2\/pages\/1006"}],"collection":[{"href":"https:\/\/bilmat.org\/calisma_grubu\/wp-json\/wp\/v2\/pages"}],"about":[{"href":"https:\/\/bilmat.org\/calisma_grubu\/wp-json\/wp\/v2\/types\/page"}],"author":[{"embeddable":true,"href":"https:\/\/bilmat.org\/calisma_grubu\/wp-json\/wp\/v2\/users\/1"}],"replies":[{"embeddable":true,"href":"https:\/\/bilmat.org\/calisma_grubu\/wp-json\/wp\/v2\/comments?post=1006"}],"version-history":[{"count":6,"href":"https:\/\/bilmat.org\/calisma_grubu\/wp-json\/wp\/v2\/pages\/1006\/revisions"}],"predecessor-version":[{"id":2422,"href":"https:\/\/bilmat.org\/calisma_grubu\/wp-json\/wp\/v2\/pages\/1006\/revisions\/2422"}],"wp:attachment":[{"href":"https:\/\/bilmat.org\/calisma_grubu\/wp-json\/wp\/v2\/media?parent=1006"}],"curies":[{"name":"wp","href":"https:\/\/api.w.org\/{rel}","templated":true}]}}