{"id":1063,"date":"2014-09-08T14:06:01","date_gmt":"2014-09-08T14:06:01","guid":{"rendered":"http:\/\/bilmat.org\/calisma_grubu\/?page_id=1063"},"modified":"2020-03-04T02:27:47","modified_gmt":"2020-03-04T02:27:47","slug":"dr-ogr-uyesi-mesut-butun","status":"publish","type":"page","link":"https:\/\/bilmat.org\/calisma_grubu\/dr-ogr-uyesi-mesut-butun\/","title":{"rendered":"Dr. \u00d6\u011fr. \u00dcyesi Mesut B\u00fct\u00fcn"},"content":{"rendered":"<table border=\"0\" width=\"100%\" cellspacing=\"1\" cellpadding=\"1\" align=\"left\" bgcolor=\"#CCCCCC\">\n<tbody>\n<tr>\n<td bgcolor=\"#CCCCCC\" width=\"116\">\n<div style=\"text-align: left;\" align=\"left\">\n<div align=\"left\">Dr. \u00d6\u011fr. \u00dcyesi<\/div>\n<div align=\"left\">Mesut B\u00fct\u00fcn<\/div>\n<p><img loading=\"lazy\" src=\"http:\/\/www.bilmat.org\/ktubilmat\/kullanici\/58.jpg\" alt=\"\" width=\"120\" height=\"130\" \/><\/p>\n<\/div>\n<\/td>\n<td valign=\"top\" bgcolor=\"#FFFFFF\">\n<div align=\"left\">\n<div align=\"left\">\n<div align=\"left\">\n<div align=\"left\">\n<div align=\"left\">\n<div align=\"left\">\n<div align=\"left\">\n<div align=\"left\"><a href=\"http:\/\/www.bilmat.org\/ktubilmat\/yayh.php?ids=25\" target=\"_blank\">Yay\u0131nlar<\/a><\/div>\n<div align=\"justify\">1979 y\u0131l\u0131nda Erzurum&#8217;un Il\u0131ca il\u00e7esinde do\u011fdu. \u0130lk ve orta \u00f6\u011frenimini Elaz\u0131\u011f&#8217;da tamamlad\u0131. 1995 y\u0131l\u0131nda Atat\u00fcrk \u00dcniversitesi Fen-Edebiyat Fak\u00fcltesi Matematik B\u00f6l\u00fcm\u00fcn\u00fc kazand\u0131. 1999 y\u0131l\u0131nda mezun olarak, ayn\u0131 y\u0131l \u0130lk\u00f6\u011fretim Matematik \u00f6\u011fretmeni olarak atand\u0131. 2 y\u0131l Erzurum&#8217;un \u0130spir ve A\u015fkale il\u00e7elerinde Matematik \u00f6\u011fretmenli\u011fi yapt\u0131ktan sonra, 2001&#8217;de Sivas Cumhuriyet \u00dcniversitesi E\u011fitim Fak\u00fcltesi&#8217;ne ara\u015ft\u0131rma g\u00f6revlisi olarak atand\u0131. 2002 y\u0131l\u0131nda y\u00fcksek lisans ve doktora \u00f6\u011frenimini tamamlamak \u00fczere Karadeniz Teknik \u00dcniversitesine g\u00f6revlendirildi. 2005 y\u0131l\u0131nda Matematik e\u011fitimi bilim dal\u0131nda y\u00fcksek lisans \u00e7al\u0131\u015fmas\u0131n\u0131 tamamlad\u0131. Ayn\u0131 y\u0131l doktora program\u0131na ba\u015flad\u0131. 2012 y\u0131l\u0131nda doktora e\u011fitimini tamamlayan B\u00fct\u00fcn Cumhuriyet \u00dcniversitesi OFMAE b\u00f6l\u00fcm\u00fcnde \u00f6\u011fretim \u00fcyesi olarak \u00e7al\u0131\u015fmaktad\u0131r.<\/div>\n<\/div>\n<\/div>\n<\/div>\n<\/div>\n<\/div>\n<\/div>\n<\/div>\n<\/td>\n<\/tr>\n<tr>\n<td bgcolor=\"#CCCCCC\">\n<div align=\"left\">\u00c7al\u0131\u015fma Alanlar\u0131:<\/div>\n<\/td>\n<td bgcolor=\"#F3F3F3\"><\/td>\n<\/tr>\n<tr>\n<td bgcolor=\"#CCCCCC\">\n<div align=\"left\">\u0130leti\u015fim Bilgileri:<\/div>\n<\/td>\n<td bgcolor=\"#FFFFFF\"><\/td>\n<\/tr>\n<tr>\n<td bgcolor=\"#CCCCCC\">E-posta:<\/td>\n<td bgcolor=\"#F3F3F3\"><a href=\"mailto:abudak@erzincan.edu.tr\">butunmath@gmail.com<\/a><\/td>\n<\/tr>\n<tr>\n<td bgcolor=\"#CCCCCC\">\n<div align=\"left\">Web Adresi:<\/div>\n<\/td>\n<td bgcolor=\"#FFFFFF\"><\/td>\n<\/tr>\n<\/tbody>\n<\/table>\n<p style=\"text-align: right;\">\n","protected":false},"excerpt":{"rendered":"<p>Dr. \u00d6\u011fr. \u00dcyesi Mesut B\u00fct\u00fcn Yay\u0131nlar 1979 y\u0131l\u0131nda Erzurum&#8217;un Il\u0131ca il\u00e7esinde do\u011fdu. \u0130lk ve orta \u00f6\u011frenimini Elaz\u0131\u011f&#8217;da tamamlad\u0131. 1995 y\u0131l\u0131nda Atat\u00fcrk \u00dcniversitesi Fen-Edebiyat Fak\u00fcltesi Matematik B\u00f6l\u00fcm\u00fcn\u00fc kazand\u0131. 1999 y\u0131l\u0131nda mezun olarak, ayn\u0131 y\u0131l \u0130lk\u00f6\u011fretim Matematik \u00f6\u011fretmeni olarak atand\u0131. 2 y\u0131l Erzurum&#8217;un \u0130spir ve A\u015fkale il\u00e7elerinde Matematik \u00f6\u011fretmenli\u011fi yapt\u0131ktan sonra, 2001&#8217;de Sivas Cumhuriyet \u00dcniversitesi E\u011fitim Fak\u00fcltesi&#8217;ne [&hellip;]<\/p>\n","protected":false},"author":1,"featured_media":0,"parent":0,"menu_order":0,"comment_status":"closed","ping_status":"closed","template":"","meta":[],"_links":{"self":[{"href":"https:\/\/bilmat.org\/calisma_grubu\/wp-json\/wp\/v2\/pages\/1063"}],"collection":[{"href":"https:\/\/bilmat.org\/calisma_grubu\/wp-json\/wp\/v2\/pages"}],"about":[{"href":"https:\/\/bilmat.org\/calisma_grubu\/wp-json\/wp\/v2\/types\/page"}],"author":[{"embeddable":true,"href":"https:\/\/bilmat.org\/calisma_grubu\/wp-json\/wp\/v2\/users\/1"}],"replies":[{"embeddable":true,"href":"https:\/\/bilmat.org\/calisma_grubu\/wp-json\/wp\/v2\/comments?post=1063"}],"version-history":[{"count":3,"href":"https:\/\/bilmat.org\/calisma_grubu\/wp-json\/wp\/v2\/pages\/1063\/revisions"}],"predecessor-version":[{"id":2064,"href":"https:\/\/bilmat.org\/calisma_grubu\/wp-json\/wp\/v2\/pages\/1063\/revisions\/2064"}],"wp:attachment":[{"href":"https:\/\/bilmat.org\/calisma_grubu\/wp-json\/wp\/v2\/media?parent=1063"}],"curies":[{"name":"wp","href":"https:\/\/api.w.org\/{rel}","templated":true}]}}