{"id":1066,"date":"2014-09-08T14:07:41","date_gmt":"2014-09-08T14:07:41","guid":{"rendered":"http:\/\/bilmat.org\/calisma_grubu\/?page_id=1066"},"modified":"2021-01-03T20:12:13","modified_gmt":"2021-01-03T20:12:13","slug":"dr-ogr-uyesi-ercan-atasoy","status":"publish","type":"page","link":"https:\/\/bilmat.org\/calisma_grubu\/dr-ogr-uyesi-ercan-atasoy\/","title":{"rendered":"Dr. \u00d6\u011fr. \u00dcyesi Ercan ATASOY"},"content":{"rendered":"<table border=\"0\" width=\"100%\" cellspacing=\"1\" cellpadding=\"1\" align=\"left\" bgcolor=\"#CCCCCC\">\n<tbody>\n<tr>\n<td bgcolor=\"#CCCCCC\" width=\"116\">\n<div style=\"text-align: left;\" align=\"left\">Dr. \u00d6\u011fr. \u00dcyesi<\/div>\n<div style=\"text-align: left;\" align=\"left\">Ercan ATASOY<a href=\"http:\/\/bilmat.org\/calisma_grubu\/wp-content\/uploads\/2020\/11\/resim-Ercan-Atasoy.jpg\"><img loading=\"lazy\" class=\"aligncenter size-medium wp-image-2322\" src=\"http:\/\/bilmat.org\/calisma_grubu\/wp-content\/uploads\/2020\/11\/resim-Ercan-Atasoy-400x534.jpg\" alt=\"resim - Ercan Atasoy\" width=\"225\" height=\"300\" srcset=\"https:\/\/bilmat.org\/calisma_grubu\/wp-content\/uploads\/2020\/11\/resim-Ercan-Atasoy-400x534.jpg 400w, https:\/\/bilmat.org\/calisma_grubu\/wp-content\/uploads\/2020\/11\/resim-Ercan-Atasoy-250x334.jpg 250w, https:\/\/bilmat.org\/calisma_grubu\/wp-content\/uploads\/2020\/11\/resim-Ercan-Atasoy-150x200.jpg 150w, https:\/\/bilmat.org\/calisma_grubu\/wp-content\/uploads\/2020\/11\/resim-Ercan-Atasoy-50x67.jpg 50w, https:\/\/bilmat.org\/calisma_grubu\/wp-content\/uploads\/2020\/11\/resim-Ercan-Atasoy-100x134.jpg 100w, https:\/\/bilmat.org\/calisma_grubu\/wp-content\/uploads\/2020\/11\/resim-Ercan-Atasoy-200x267.jpg 200w, https:\/\/bilmat.org\/calisma_grubu\/wp-content\/uploads\/2020\/11\/resim-Ercan-Atasoy-300x401.jpg 300w, https:\/\/bilmat.org\/calisma_grubu\/wp-content\/uploads\/2020\/11\/resim-Ercan-Atasoy-350x467.jpg 350w, https:\/\/bilmat.org\/calisma_grubu\/wp-content\/uploads\/2020\/11\/resim-Ercan-Atasoy-450x601.jpg 450w, https:\/\/bilmat.org\/calisma_grubu\/wp-content\/uploads\/2020\/11\/resim-Ercan-Atasoy-500x668.jpg 500w, https:\/\/bilmat.org\/calisma_grubu\/wp-content\/uploads\/2020\/11\/resim-Ercan-Atasoy-550x735.jpg 550w, https:\/\/bilmat.org\/calisma_grubu\/wp-content\/uploads\/2020\/11\/resim-Ercan-Atasoy.jpg 575w\" sizes=\"(max-width: 225px) 100vw, 225px\" \/><\/a><\/div>\n<div style=\"text-align: left;\" align=\"left\"><\/div>\n<\/td>\n<td valign=\"top\" bgcolor=\"#FFFFFF\">\n<div align=\"left\">\n<div align=\"left\">\n<div align=\"left\">\n<div align=\"left\">\n<div align=\"left\">\n<div align=\"left\">\n<div align=\"left\"><\/div>\n<div align=\"justify\">1978 y\u0131l\u0131nda Trabzon\u2019da do\u011fdu. 1999 y\u0131l\u0131nda Dokuz Eyl\u00fcl \u00dcniversitesi Buca E\u011fitim Fak\u00fcltesi matematik \u00f6\u011fretmenli\u011fi program\u0131n\u0131 bitirdi. Ayn\u0131 y\u0131l Milli E\u011fitim Bakanl\u0131\u011f\u0131 (MEB) b\u00fcnyesinde G\u00fcm\u00fc\u015fhane\u2019nin Torul \u0130l\u00e7esi\u2019ne matematik \u00f6\u011fretmeni olarak atand\u0131. Askerlik g\u00f6revini yedek subay \u00f6\u011fretmen olarak ayn\u0131 yerde tamamlad\u0131. 2005 y\u0131l\u0131nda y\u00fcksek lisans\u0131n\u0131, 2012 y\u0131l\u0131nda ise doktoras\u0131n\u0131 Karadeniz Teknik \u00dcniversitesi (KT\u00dc) Fen Bilimleri Enstit\u00fcs\u00fc \u0130lk\u00f6\u011fretim Anabilim Dal\u0131 matematik e\u011fitiminde bitirdi. Lisans\u00fcst\u00fc e\u011fitimi s\u00fcresince MEB b\u00fcnyesinde \u00e7e\u015fitli ilk\u00f6\u011fretim okulu ve liselerde \u00e7al\u0131\u015ft\u0131ktan sonra, 2008 y\u0131l\u0131nda Rize \u00dcniversitesi E\u011fitim Fak\u00fcltesi \u0130lk\u00f6\u011fretim Matematik E\u011fitimi Anabilim Dal\u0131\u2019na \u00f6\u011fretim g\u00f6revlisi olarak atand\u0131. 2012 y\u0131l\u0131nda Recep Tayyip Erdo\u011fan \u00dcniversitesi E\u011fitim Fak\u00fcltesi Temel E\u011fitim B\u00f6l\u00fcm\u00fc\u2019ne \u00f6\u011fretim \u00fcyesi olarak atanm\u0131\u015f olup halen bu g\u00f6revine devam etmektedir. Yabanc\u0131 dili \u0130ngilizce olup evli ve \u00fc\u00e7 \u00e7ocuk babas\u0131d\u0131r.<\/div>\n<\/div>\n<\/div>\n<\/div>\n<\/div>\n<\/div>\n<\/div>\n<\/td>\n<\/tr>\n<tr>\n<td bgcolor=\"#CCCCCC\">\n<div align=\"left\">\u00c7al\u0131\u015fma Alanlar\u0131:<\/div>\n<\/td>\n<td bgcolor=\"#F3F3F3\">Bilgisayar destekli matematik \u00f6\u011fretimi, \u0130spat, \u00f6\u011fretmen e\u011fitimi<\/td>\n<\/tr>\n<tr>\n<td bgcolor=\"#CCCCCC\">\n<div align=\"left\">\u0130leti\u015fim Bilgileri:<\/div>\n<\/td>\n<td bgcolor=\"#FFFFFF\"><\/td>\n<\/tr>\n<tr>\n<td bgcolor=\"#CCCCCC\">E-posta:<\/td>\n<td bgcolor=\"#F3F3F3\"><a href=\"mailto:ercan.atasoy@erdogan.edu.tr\">ercan.atasoy@erdogan.edu.tr<\/a><\/td>\n<\/tr>\n<tr>\n<td bgcolor=\"#CCCCCC\">\n<div align=\"left\">Web Adresi:<\/div>\n<\/td>\n<td bgcolor=\"#FFFFFF\"><\/td>\n<\/tr>\n<\/tbody>\n<\/table>\n<p style=\"text-align: right;\">\n","protected":false},"excerpt":{"rendered":"<p>Dr. \u00d6\u011fr. \u00dcyesi Ercan ATASOY 1978 y\u0131l\u0131nda Trabzon\u2019da do\u011fdu. 1999 y\u0131l\u0131nda Dokuz Eyl\u00fcl \u00dcniversitesi Buca E\u011fitim Fak\u00fcltesi matematik \u00f6\u011fretmenli\u011fi program\u0131n\u0131 bitirdi. Ayn\u0131 y\u0131l Milli E\u011fitim Bakanl\u0131\u011f\u0131 (MEB) b\u00fcnyesinde G\u00fcm\u00fc\u015fhane\u2019nin Torul \u0130l\u00e7esi\u2019ne matematik \u00f6\u011fretmeni olarak atand\u0131. Askerlik g\u00f6revini yedek subay \u00f6\u011fretmen olarak ayn\u0131 yerde tamamlad\u0131. 2005 y\u0131l\u0131nda y\u00fcksek lisans\u0131n\u0131, 2012 y\u0131l\u0131nda ise doktoras\u0131n\u0131 Karadeniz Teknik \u00dcniversitesi [&hellip;]<\/p>\n","protected":false},"author":1,"featured_media":0,"parent":0,"menu_order":0,"comment_status":"closed","ping_status":"closed","template":"","meta":[],"_links":{"self":[{"href":"https:\/\/bilmat.org\/calisma_grubu\/wp-json\/wp\/v2\/pages\/1066"}],"collection":[{"href":"https:\/\/bilmat.org\/calisma_grubu\/wp-json\/wp\/v2\/pages"}],"about":[{"href":"https:\/\/bilmat.org\/calisma_grubu\/wp-json\/wp\/v2\/types\/page"}],"author":[{"embeddable":true,"href":"https:\/\/bilmat.org\/calisma_grubu\/wp-json\/wp\/v2\/users\/1"}],"replies":[{"embeddable":true,"href":"https:\/\/bilmat.org\/calisma_grubu\/wp-json\/wp\/v2\/comments?post=1066"}],"version-history":[{"count":5,"href":"https:\/\/bilmat.org\/calisma_grubu\/wp-json\/wp\/v2\/pages\/1066\/revisions"}],"predecessor-version":[{"id":2409,"href":"https:\/\/bilmat.org\/calisma_grubu\/wp-json\/wp\/v2\/pages\/1066\/revisions\/2409"}],"wp:attachment":[{"href":"https:\/\/bilmat.org\/calisma_grubu\/wp-json\/wp\/v2\/media?parent=1066"}],"curies":[{"name":"wp","href":"https:\/\/api.w.org\/{rel}","templated":true}]}}