{"id":1078,"date":"2014-09-08T14:19:05","date_gmt":"2014-09-08T14:19:05","guid":{"rendered":"http:\/\/bilmat.org\/calisma_grubu\/?page_id=1078"},"modified":"2020-12-26T12:41:35","modified_gmt":"2020-12-26T12:41:35","slug":"doc-dr-gul-kaleli-yilmaz","status":"publish","type":"page","link":"https:\/\/bilmat.org\/calisma_grubu\/doc-dr-gul-kaleli-yilmaz\/","title":{"rendered":"Do\u00e7. Dr. G\u00fcl KALEL\u0130 YILMAZ"},"content":{"rendered":"<table border=\"0\" width=\"100%\" cellspacing=\"1\" cellpadding=\"1\" align=\"left\" bgcolor=\"#CCCCCC\">\n<tbody>\n<tr>\n<td bgcolor=\"#CCCCCC\" width=\"116\">\n<div style=\"text-align: left;\" align=\"left\">Do\u00e7. Dr. G\u00fcl KALEL\u0130 YILMAZ<\/div>\n<div style=\"text-align: left;\" align=\"left\"><a href=\"http:\/\/bilmat.org\/calisma_grubu\/wp-content\/uploads\/2020\/11\/130BDB31-0613-4D31-987F-2D4E7AF4519F-G\u00fcl-Kaleli-Y\u0131lmaz.jpeg\"><img loading=\"lazy\" class=\"aligncenter size-medium wp-image-2306\" src=\"http:\/\/bilmat.org\/calisma_grubu\/wp-content\/uploads\/2020\/11\/130BDB31-0613-4D31-987F-2D4E7AF4519F-G\u00fcl-Kaleli-Y\u0131lmaz-400x319.jpeg\" alt=\"130BDB31-0613-4D31-987F-2D4E7AF4519F - G\u00fcl Kaleli Y\u0131lmaz\" width=\"300\" height=\"239\" srcset=\"https:\/\/bilmat.org\/calisma_grubu\/wp-content\/uploads\/2020\/11\/130BDB31-0613-4D31-987F-2D4E7AF4519F-G\u00fcl-Kaleli-Y\u0131lmaz-400x319.jpeg 400w, https:\/\/bilmat.org\/calisma_grubu\/wp-content\/uploads\/2020\/11\/130BDB31-0613-4D31-987F-2D4E7AF4519F-G\u00fcl-Kaleli-Y\u0131lmaz-250x200.jpeg 250w, https:\/\/bilmat.org\/calisma_grubu\/wp-content\/uploads\/2020\/11\/130BDB31-0613-4D31-987F-2D4E7AF4519F-G\u00fcl-Kaleli-Y\u0131lmaz-650x519.jpeg 650w, https:\/\/bilmat.org\/calisma_grubu\/wp-content\/uploads\/2020\/11\/130BDB31-0613-4D31-987F-2D4E7AF4519F-G\u00fcl-Kaleli-Y\u0131lmaz-150x120.jpeg 150w, https:\/\/bilmat.org\/calisma_grubu\/wp-content\/uploads\/2020\/11\/130BDB31-0613-4D31-987F-2D4E7AF4519F-G\u00fcl-Kaleli-Y\u0131lmaz-50x40.jpeg 50w, https:\/\/bilmat.org\/calisma_grubu\/wp-content\/uploads\/2020\/11\/130BDB31-0613-4D31-987F-2D4E7AF4519F-G\u00fcl-Kaleli-Y\u0131lmaz-100x80.jpeg 100w, https:\/\/bilmat.org\/calisma_grubu\/wp-content\/uploads\/2020\/11\/130BDB31-0613-4D31-987F-2D4E7AF4519F-G\u00fcl-Kaleli-Y\u0131lmaz-200x160.jpeg 200w, https:\/\/bilmat.org\/calisma_grubu\/wp-content\/uploads\/2020\/11\/130BDB31-0613-4D31-987F-2D4E7AF4519F-G\u00fcl-Kaleli-Y\u0131lmaz-300x239.jpeg 300w, https:\/\/bilmat.org\/calisma_grubu\/wp-content\/uploads\/2020\/11\/130BDB31-0613-4D31-987F-2D4E7AF4519F-G\u00fcl-Kaleli-Y\u0131lmaz-350x279.jpeg 350w, https:\/\/bilmat.org\/calisma_grubu\/wp-content\/uploads\/2020\/11\/130BDB31-0613-4D31-987F-2D4E7AF4519F-G\u00fcl-Kaleli-Y\u0131lmaz-450x359.jpeg 450w, https:\/\/bilmat.org\/calisma_grubu\/wp-content\/uploads\/2020\/11\/130BDB31-0613-4D31-987F-2D4E7AF4519F-G\u00fcl-Kaleli-Y\u0131lmaz-500x399.jpeg 500w, https:\/\/bilmat.org\/calisma_grubu\/wp-content\/uploads\/2020\/11\/130BDB31-0613-4D31-987F-2D4E7AF4519F-G\u00fcl-Kaleli-Y\u0131lmaz-550x439.jpeg 550w, https:\/\/bilmat.org\/calisma_grubu\/wp-content\/uploads\/2020\/11\/130BDB31-0613-4D31-987F-2D4E7AF4519F-G\u00fcl-Kaleli-Y\u0131lmaz.jpeg 763w\" sizes=\"(max-width: 300px) 100vw, 300px\" \/><\/a><\/div>\n<\/td>\n<td valign=\"top\" bgcolor=\"#FFFFFF\">\n<div align=\"left\">\n<div align=\"left\">\n<div align=\"left\">\n<div align=\"left\">\n<div align=\"left\">\n<div align=\"left\">\n<div align=\"left\"><\/div>\n<div align=\"left\">\u0130lk ve ortaokulu Yusufeli\u2019 de, lise \u00f6\u011frenimini Artvin Anadolu \u00d6\u011fretmen Lisesi\u2019nde okul birincisi olarak tamamlad\u0131. 2003 y\u0131l\u0131nda ba\u015flad\u0131\u011f\u0131 Karadeniz Teknik \u00dcniversitesi OFMAE Matematik \u00d6\u011fretmenli\u011fi program\u0131ndan 2008 y\u0131l\u0131nda y\u00fcksek lisans derecesi ile mezun oldu. 2008-2012 y\u0131llar\u0131 aras\u0131nda KT\u00dc E\u011fitim Bilimleri Enstit\u00fcs\u00fc \u0130lk\u00f6\u011fretim Matematik E\u011fitimi bilim dal\u0131nda doktora e\u011fitimini tamamlad\u0131. Doktora e\u011fitimi boyunca T\u00dcB\u0130TAK 2211 Yurt \u0130\u00e7i Doktora Burs Program\u0131 ile desteklendi. 0cak 2009-Temmuz 2010 tarihleri aras\u0131nda Artvin \u00c7oruh \u00dcniversitesi\u2019nde, Temmuz 2010-0cak 2013 tarihleri aras\u0131nda Bayburt \u00dcniversitesi\u2019nde ara\u015ft\u0131rma g\u00f6revlisi olarak g\u00f6rev yapt\u0131. 2013-2017 y\u0131llar\u0131 aras\u0131nda Bayburt \u00dcniversitesi\u2019nde yard\u0131mc\u0131 do\u00e7ent olarak, 2017-2018 y\u0131llar\u0131 aras\u0131nda do\u00e7ent olarak g\u00f6rev yapt\u0131. 2013-2015 y\u0131llar\u0131 aras\u0131nda B\u00f6l\u00fcm Ba\u015fkan Yard\u0131mc\u0131l\u0131\u011f\u0131 ve 2015-2018 y\u0131llar\u0131 aras\u0131nda Dekan Yard\u0131mc\u0131l\u0131\u011f\u0131 g\u00f6revlerini y\u00fcr\u00fctt\u00fc. Ayr\u0131ca Bayburt E\u011fitim Fak\u00fcltesi dergisinin edit\u00f6rl\u00fc\u011f\u00fcn\u00fc yapt\u0131.\u00a0 2018 y\u0131l\u0131nda Uluda\u011f \u00dcniversitesi E\u011fitim Fak\u00fcltesi\u2019nde do\u00e7ent olarak g\u00f6reve ba\u015flad\u0131. Halen Uluda\u011f \u00dcniversitesi\u2019nde do\u00e7ent olarak g\u00f6rev yapan Kaleli Y\u0131lmaz, evli ve iki \u00e7ocuk annesidir.<\/div>\n<\/div>\n<\/div>\n<\/div>\n<\/div>\n<\/div>\n<\/div>\n<\/td>\n<\/tr>\n<tr>\n<td bgcolor=\"#CCCCCC\">\n<div align=\"left\">\u00c7al\u0131\u015fma Alanlar\u0131:<\/div>\n<\/td>\n<td bgcolor=\"#F3F3F3\">\u00a0Teknoji destekli matematik, \u00f6\u011fretmen e\u011fitimi,\u00a0 geometri \u00f6\u011fretimi, uluslararas\u0131 s\u0131navlar<\/td>\n<\/tr>\n<tr>\n<td bgcolor=\"#CCCCCC\">\n<div align=\"left\">\u0130leti\u015fim Bilgileri:<\/div>\n<\/td>\n<td bgcolor=\"#FFFFFF\"><\/td>\n<\/tr>\n<tr>\n<td bgcolor=\"#CCCCCC\">E-posta:<\/td>\n<td bgcolor=\"#F3F3F3\">\u00a0gulkaleli@uludag.edu.tr<\/td>\n<\/tr>\n<tr>\n<td bgcolor=\"#CCCCCC\">\n<div align=\"left\">Web Adresi:<\/div>\n<\/td>\n<td bgcolor=\"#FFFFFF\"><\/td>\n<\/tr>\n<\/tbody>\n<\/table>\n<p style=\"text-align: right;\">\n","protected":false},"excerpt":{"rendered":"<p>Do\u00e7. Dr. G\u00fcl KALEL\u0130 YILMAZ \u0130lk ve ortaokulu Yusufeli\u2019 de, lise \u00f6\u011frenimini Artvin Anadolu \u00d6\u011fretmen Lisesi\u2019nde okul birincisi olarak tamamlad\u0131. 2003 y\u0131l\u0131nda ba\u015flad\u0131\u011f\u0131 Karadeniz Teknik \u00dcniversitesi OFMAE Matematik \u00d6\u011fretmenli\u011fi program\u0131ndan 2008 y\u0131l\u0131nda y\u00fcksek lisans derecesi ile mezun oldu. 2008-2012 y\u0131llar\u0131 aras\u0131nda KT\u00dc E\u011fitim Bilimleri Enstit\u00fcs\u00fc \u0130lk\u00f6\u011fretim Matematik E\u011fitimi bilim dal\u0131nda doktora e\u011fitimini tamamlad\u0131. Doktora e\u011fitimi [&hellip;]<\/p>\n","protected":false},"author":1,"featured_media":0,"parent":0,"menu_order":0,"comment_status":"closed","ping_status":"closed","template":"","meta":[],"_links":{"self":[{"href":"https:\/\/bilmat.org\/calisma_grubu\/wp-json\/wp\/v2\/pages\/1078"}],"collection":[{"href":"https:\/\/bilmat.org\/calisma_grubu\/wp-json\/wp\/v2\/pages"}],"about":[{"href":"https:\/\/bilmat.org\/calisma_grubu\/wp-json\/wp\/v2\/types\/page"}],"author":[{"embeddable":true,"href":"https:\/\/bilmat.org\/calisma_grubu\/wp-json\/wp\/v2\/users\/1"}],"replies":[{"embeddable":true,"href":"https:\/\/bilmat.org\/calisma_grubu\/wp-json\/wp\/v2\/comments?post=1078"}],"version-history":[{"count":13,"href":"https:\/\/bilmat.org\/calisma_grubu\/wp-json\/wp\/v2\/pages\/1078\/revisions"}],"predecessor-version":[{"id":2391,"href":"https:\/\/bilmat.org\/calisma_grubu\/wp-json\/wp\/v2\/pages\/1078\/revisions\/2391"}],"wp:attachment":[{"href":"https:\/\/bilmat.org\/calisma_grubu\/wp-json\/wp\/v2\/media?parent=1078"}],"curies":[{"name":"wp","href":"https:\/\/api.w.org\/{rel}","templated":true}]}}