{"id":1095,"date":"2014-09-08T14:28:31","date_gmt":"2014-09-08T14:28:31","guid":{"rendered":"http:\/\/bilmat.org\/calisma_grubu\/?page_id=1095"},"modified":"2021-06-15T01:22:47","modified_gmt":"2021-06-15T01:22:47","slug":"prof-dr-seher-m-sahin","status":"publish","type":"page","link":"https:\/\/bilmat.org\/calisma_grubu\/prof-dr-seher-m-sahin\/","title":{"rendered":"Prof. Dr. Seher M. \u015eAH\u0130N"},"content":{"rendered":"<table border=\"0\" width=\"100%\" cellspacing=\"1\" cellpadding=\"1\" align=\"left\" bgcolor=\"#CCCCCC\">\n<tbody>\n<tr>\n<td bgcolor=\"#CCCCCC\" width=\"116\">\n<div style=\"text-align: left;\" align=\"left\"><\/div>\n<div style=\"text-align: left;\" align=\"left\"><a href=\"http:\/\/bilmat.org\/calisma_grubu\/wp-content\/uploads\/2021\/06\/sehermandacisahin.jpg\"><img loading=\"lazy\" class=\"aligncenter wp-image-2522 size-medium\" src=\"http:\/\/bilmat.org\/calisma_grubu\/wp-content\/uploads\/2021\/06\/sehermandacisahin-400x400.jpg\" alt=\"\" width=\"300\" height=\"300\" srcset=\"https:\/\/bilmat.org\/calisma_grubu\/wp-content\/uploads\/2021\/06\/sehermandacisahin-400x400.jpg 400w, https:\/\/bilmat.org\/calisma_grubu\/wp-content\/uploads\/2021\/06\/sehermandacisahin-250x250.jpg 250w, https:\/\/bilmat.org\/calisma_grubu\/wp-content\/uploads\/2021\/06\/sehermandacisahin-150x150.jpg 150w, https:\/\/bilmat.org\/calisma_grubu\/wp-content\/uploads\/2021\/06\/sehermandacisahin-50x50.jpg 50w, https:\/\/bilmat.org\/calisma_grubu\/wp-content\/uploads\/2021\/06\/sehermandacisahin-100x100.jpg 100w, https:\/\/bilmat.org\/calisma_grubu\/wp-content\/uploads\/2021\/06\/sehermandacisahin-200x200.jpg 200w, https:\/\/bilmat.org\/calisma_grubu\/wp-content\/uploads\/2021\/06\/sehermandacisahin-300x300.jpg 300w, https:\/\/bilmat.org\/calisma_grubu\/wp-content\/uploads\/2021\/06\/sehermandacisahin-350x350.jpg 350w, https:\/\/bilmat.org\/calisma_grubu\/wp-content\/uploads\/2021\/06\/sehermandacisahin-450x450.jpg 450w, https:\/\/bilmat.org\/calisma_grubu\/wp-content\/uploads\/2021\/06\/sehermandacisahin-500x500.jpg 500w, https:\/\/bilmat.org\/calisma_grubu\/wp-content\/uploads\/2021\/06\/sehermandacisahin.jpg 512w\" sizes=\"(max-width: 300px) 100vw, 300px\" \/><\/a><\/div>\n<p><img class=\"thumbnail\" style=\"font-family: 'Droid Sans', 'Helvetica Neue', 'Nimbus Sans L', sans-serif; font-size: 15px; line-height: 24.2999992370605px; font-style: normal; font-variant: normal;\" src=\"http:\/\/bilmat.org\/calisma_grubu\/wp-content\/uploads\/2014\/09\/sm.jpg\" alt=\"\" \/><\/td>\n<td valign=\"top\" bgcolor=\"#FFFFFF\">\n<div align=\"left\">\n<div align=\"left\">\n<div align=\"left\">\n<div align=\"left\">\n<div align=\"left\">\n<div align=\"left\">\n<div align=\"left\"><\/div>\n<div align=\"justify\">\u0130lk, orta ve lise \u00f6\u011frenimini do\u011fum yeri olan Ni\u011fde&#8217;de tamamlam\u0131\u015ft\u0131r. \u00c7ukurova \u00dcniversitesi Fen Edebiyat Fak\u00fcltesi Matematik B\u00f6l\u00fcm\u00fc&#8217;nde ger\u00e7ekle\u015ftirdi\u011fi lisans \u00f6\u011freniminin ard\u0131ndan 1997 y\u0131l\u0131nda Ni\u011fde \u00dcniversitesi E\u011fitim Fak\u00fcltesi \u0130lk\u00f6\u011fretim B\u00f6l\u00fcm\u00fc\u2019nde \u00d6\u011fretim G\u00f6revlisi olarak g\u00f6reve ba\u015flam\u0131\u015ft\u0131r. 2000 y\u0131l\u0131nda Ni\u011fde \u00dcniversitesi Fen Bilimleri Enstit\u00fcs\u00fc Topoloji Bilim Dal\u0131&#8217;nda y\u00fcksek lisans\u0131n\u0131 bitirmi\u015f, 2001 y\u0131l\u0131nda yeniden atama ile Ara\u015ft\u0131rma G\u00f6revlisi kadrosuna ge\u00e7i\u015f yapm\u0131\u015f ve 2002-2007 y\u0131llar\u0131 aras\u0131nda doktora e\u011fitimini almak \u00fczere Karadeniz Teknik \u00dcniversitesi Fen Bilimleri Enstit\u00fcs\u00fc Matematik E\u011fitim Anabilim Dal\u0131&#8217;nda g\u00f6revlendirilmi\u015ftir. Ara\u015ft\u0131rma konular\u0131; matematik e\u011fitiminde \u00fcstbili\u015fsel beceriler, matematik g\u00fcc\u00fcn\u00fcn de\u011ferlendirilmesi, dijital kavram haritalama, g\u00fcncel \u00f6\u011frenme ortam\u0131 tasar\u0131m\u0131 modelleri, \u00f6\u011fretim programlar\u0131 analizi \u015feklinde genellenebilir. 2009 y\u0131l\u0131nda Yard\u0131mc\u0131 Do\u00e7ent, 2015 y\u0131l\u0131nda Do\u00e7ent ve 2020 y\u0131l\u0131nda Profes\u00f6r unvan\u0131 alm\u0131\u015ft\u0131r ve halen Ni\u011fde \u00d6mer Halisdemir \u00dcniversitesi E\u011fitim Fak\u00fcltesi Matematik ve Fen Bilimleri E\u011fitimi B\u00f6l\u00fcm\u00fc, Matematik E\u011fitimi Anabilim Dal\u0131\u2019nda g\u00f6rev yapmaktad\u0131r. \u0130yi d\u00fczeyde \u0130ngilizce, orta d\u00fczeyde Almanca dillerine h\u00e2kimdir. Evli ve iki \u00e7ocuk annesidir.<\/div>\n<\/div>\n<\/div>\n<\/div>\n<\/div>\n<\/div>\n<\/div>\n<\/td>\n<\/tr>\n<tr>\n<td bgcolor=\"#CCCCCC\">\n<div align=\"left\">\u00c7al\u0131\u015fma Alanlar\u0131:<\/div>\n<\/td>\n<td bgcolor=\"#F3F3F3\">\u00a0Matematik E\u011fitiminde \u00dcstbili\u015fsel Beceriler, Matematiksel G\u00fc\u00e7, Dijital Kavram Haritalama, \u00d6\u011frenme Ortam\u0131 Tasar\u0131m\u0131nda Yeni Yakla\u015f\u0131mlar.<\/td>\n<\/tr>\n<tr>\n<td bgcolor=\"#CCCCCC\">\n<div align=\"left\">\u0130leti\u015fim Bilgileri:<\/div>\n<\/td>\n<td bgcolor=\"#FFFFFF\"><\/td>\n<\/tr>\n<tr>\n<td bgcolor=\"#CCCCCC\">E-posta:<\/td>\n<td bgcolor=\"#F3F3F3\"><a href=\"mailto:abudak@erzincan.edu.tr\">sehermandacisahin@gmail.com<\/a><\/td>\n<\/tr>\n<tr>\n<td bgcolor=\"#CCCCCC\">\n<div align=\"left\">Web Adresi:<\/div>\n<\/td>\n<td bgcolor=\"#FFFFFF\"><\/td>\n<\/tr>\n<\/tbody>\n<\/table>\n<p style=\"text-align: right;\">\n","protected":false},"excerpt":{"rendered":"<p>\u0130lk, orta ve lise \u00f6\u011frenimini do\u011fum yeri olan Ni\u011fde&#8217;de tamamlam\u0131\u015ft\u0131r. \u00c7ukurova \u00dcniversitesi Fen Edebiyat Fak\u00fcltesi Matematik B\u00f6l\u00fcm\u00fc&#8217;nde ger\u00e7ekle\u015ftirdi\u011fi lisans \u00f6\u011freniminin ard\u0131ndan 1997 y\u0131l\u0131nda Ni\u011fde \u00dcniversitesi E\u011fitim Fak\u00fcltesi \u0130lk\u00f6\u011fretim B\u00f6l\u00fcm\u00fc\u2019nde \u00d6\u011fretim G\u00f6revlisi olarak g\u00f6reve ba\u015flam\u0131\u015ft\u0131r. 2000 y\u0131l\u0131nda Ni\u011fde \u00dcniversitesi Fen Bilimleri Enstit\u00fcs\u00fc Topoloji Bilim Dal\u0131&#8217;nda y\u00fcksek lisans\u0131n\u0131 bitirmi\u015f, 2001 y\u0131l\u0131nda yeniden atama ile Ara\u015ft\u0131rma G\u00f6revlisi kadrosuna [&hellip;]<\/p>\n","protected":false},"author":1,"featured_media":0,"parent":0,"menu_order":0,"comment_status":"closed","ping_status":"closed","template":"","meta":[],"_links":{"self":[{"href":"https:\/\/bilmat.org\/calisma_grubu\/wp-json\/wp\/v2\/pages\/1095"}],"collection":[{"href":"https:\/\/bilmat.org\/calisma_grubu\/wp-json\/wp\/v2\/pages"}],"about":[{"href":"https:\/\/bilmat.org\/calisma_grubu\/wp-json\/wp\/v2\/types\/page"}],"author":[{"embeddable":true,"href":"https:\/\/bilmat.org\/calisma_grubu\/wp-json\/wp\/v2\/users\/1"}],"replies":[{"embeddable":true,"href":"https:\/\/bilmat.org\/calisma_grubu\/wp-json\/wp\/v2\/comments?post=1095"}],"version-history":[{"count":7,"href":"https:\/\/bilmat.org\/calisma_grubu\/wp-json\/wp\/v2\/pages\/1095\/revisions"}],"predecessor-version":[{"id":2523,"href":"https:\/\/bilmat.org\/calisma_grubu\/wp-json\/wp\/v2\/pages\/1095\/revisions\/2523"}],"wp:attachment":[{"href":"https:\/\/bilmat.org\/calisma_grubu\/wp-json\/wp\/v2\/media?parent=1095"}],"curies":[{"name":"wp","href":"https:\/\/api.w.org\/{rel}","templated":true}]}}