{"id":1100,"date":"2014-09-08T14:29:41","date_gmt":"2014-09-08T14:29:41","guid":{"rendered":"http:\/\/bilmat.org\/calisma_grubu\/?page_id=1100"},"modified":"2021-01-03T21:37:21","modified_gmt":"2021-01-03T21:37:21","slug":"doc-dr-meral-c-aktas","status":"publish","type":"page","link":"https:\/\/bilmat.org\/calisma_grubu\/doc-dr-meral-c-aktas\/","title":{"rendered":"Do\u00e7. Dr. Meral CANSIZ AKTA\u015e"},"content":{"rendered":"<table border=\"0\" width=\"100%\" cellspacing=\"1\" cellpadding=\"1\" align=\"left\" bgcolor=\"#CCCCCC\">\n<tbody>\n<tr>\n<td bgcolor=\"#CCCCCC\" width=\"116\">\n<div style=\"text-align: left;\" align=\"left\">Do\u00e7. Dr. Meral<br \/>\nCANSIZ AKTA\u015e<a href=\"http:\/\/bilmat.org\/calisma_grubu\/wp-content\/uploads\/2020\/11\/fotograf-meral-cans\u0131z.jpg\"><img loading=\"lazy\" class=\"aligncenter size-medium wp-image-2315\" src=\"http:\/\/bilmat.org\/calisma_grubu\/wp-content\/uploads\/2020\/11\/fotograf-meral-cans\u0131z-400x400.jpg\" alt=\"fotograf - meral cans\u0131z\" width=\"300\" height=\"300\" srcset=\"https:\/\/bilmat.org\/calisma_grubu\/wp-content\/uploads\/2020\/11\/fotograf-meral-cans\u0131z-400x400.jpg 400w, https:\/\/bilmat.org\/calisma_grubu\/wp-content\/uploads\/2020\/11\/fotograf-meral-cans\u0131z-250x250.jpg 250w, https:\/\/bilmat.org\/calisma_grubu\/wp-content\/uploads\/2020\/11\/fotograf-meral-cans\u0131z-150x150.jpg 150w, https:\/\/bilmat.org\/calisma_grubu\/wp-content\/uploads\/2020\/11\/fotograf-meral-cans\u0131z-50x50.jpg 50w, https:\/\/bilmat.org\/calisma_grubu\/wp-content\/uploads\/2020\/11\/fotograf-meral-cans\u0131z-100x100.jpg 100w, https:\/\/bilmat.org\/calisma_grubu\/wp-content\/uploads\/2020\/11\/fotograf-meral-cans\u0131z-200x200.jpg 200w, https:\/\/bilmat.org\/calisma_grubu\/wp-content\/uploads\/2020\/11\/fotograf-meral-cans\u0131z-300x300.jpg 300w, https:\/\/bilmat.org\/calisma_grubu\/wp-content\/uploads\/2020\/11\/fotograf-meral-cans\u0131z-350x350.jpg 350w, https:\/\/bilmat.org\/calisma_grubu\/wp-content\/uploads\/2020\/11\/fotograf-meral-cans\u0131z-450x450.jpg 450w, https:\/\/bilmat.org\/calisma_grubu\/wp-content\/uploads\/2020\/11\/fotograf-meral-cans\u0131z-500x500.jpg 500w, https:\/\/bilmat.org\/calisma_grubu\/wp-content\/uploads\/2020\/11\/fotograf-meral-cans\u0131z-550x550.jpg 550w, https:\/\/bilmat.org\/calisma_grubu\/wp-content\/uploads\/2020\/11\/fotograf-meral-cans\u0131z.jpg 640w\" sizes=\"(max-width: 300px) 100vw, 300px\" \/><\/a><\/div>\n<div style=\"text-align: left;\" align=\"left\"><\/div>\n<div style=\"text-align: left;\" align=\"left\"><\/div>\n<div style=\"text-align: left;\" align=\"left\"><\/div>\n<div style=\"text-align: left;\" align=\"left\"><\/div>\n<\/td>\n<td valign=\"top\" bgcolor=\"#FFFFFF\">\n<div align=\"left\">\n<div align=\"left\">\n<div align=\"left\">\n<div align=\"left\">\n<div align=\"left\">\n<div align=\"left\">\n<div align=\"left\"><\/div>\n<div align=\"justify\">1978 y\u0131l\u0131nda \u00c7aykara\u2019da do\u011fdu. \u0130lkokul ve ortaokulu Tokat\u2019ta Gaziosmanpa\u015fa \u0130lkokulu ve Atat\u00fcrk Ortaokulunda, liseyi Trabzon\u2019da Be\u015fikd\u00fcz\u00fc Anadolu \u00d6\u011fretmen Lisesinde okudu. 1999 y\u0131l\u0131nda Karadeniz Teknik \u00dcniversitesi Fatih E\u011fitim Fak\u00fcltesi Matematik \u00d6\u011fretmeli\u011fi program\u0131ndan mezun oldu. Karadeniz Teknik \u00dcniversitesi Fen Bilimleri Enstit\u00fcs\u00fc Orta\u00f6\u011fretim Fen ve Matematik Alanlar\u0131 E\u011fitimi Anabilim dal\u0131nda 2002 y\u0131l\u0131nda y\u00fcksek lisans\u0131n\u0131, 2008 y\u0131l\u0131nda doktoras\u0131n\u0131 tamamlad\u0131. Matematik e\u011fitimi ile ilgili \u00e7e\u015fitli \u00e7al\u0131\u015fmalar\u0131 olan ara\u015ft\u0131rmac\u0131 halen Ordu \u00dcniversitesi E\u011fitim Fak\u00fcltesi Matematik ve Fen Bilimleri E\u011fitimi B\u00f6l\u00fcm\u00fc Matematik E\u011fitimi Anabilim Dal\u0131nda \u00f6\u011fretim \u00fcyesi olarak g\u00f6rev yapmaktad\u0131r.<\/div>\n<\/div>\n<\/div>\n<\/div>\n<\/div>\n<\/div>\n<\/div>\n<\/td>\n<\/tr>\n<tr>\n<td bgcolor=\"#CCCCCC\">\n<div align=\"left\">\u00c7al\u0131\u015fma Alanlar\u0131:<\/div>\n<\/td>\n<td bgcolor=\"#F3F3F3\">Matematik E\u011fitiminde\u00a0\u00d6l\u00e7me ve De\u011ferlendirme<\/td>\n<\/tr>\n<tr>\n<td bgcolor=\"#CCCCCC\">\n<div align=\"left\">\u0130leti\u015fim Bilgileri:<\/div>\n<\/td>\n<td bgcolor=\"#FFFFFF\"><\/td>\n<\/tr>\n<tr>\n<td bgcolor=\"#CCCCCC\">E-posta:<\/td>\n<td bgcolor=\"#F3F3F3\">meralcaktas@odu.edu.tr<\/td>\n<\/tr>\n<tr>\n<td bgcolor=\"#CCCCCC\">\n<div align=\"left\">Web Adresi:<\/div>\n<\/td>\n<td bgcolor=\"#FFFFFF\"><\/td>\n<\/tr>\n<\/tbody>\n<\/table>\n<p style=\"text-align: right;\">\n","protected":false},"excerpt":{"rendered":"<p>Do\u00e7. Dr. Meral CANSIZ AKTA\u015e 1978 y\u0131l\u0131nda \u00c7aykara\u2019da do\u011fdu. \u0130lkokul ve ortaokulu Tokat\u2019ta Gaziosmanpa\u015fa \u0130lkokulu ve Atat\u00fcrk Ortaokulunda, liseyi Trabzon\u2019da Be\u015fikd\u00fcz\u00fc Anadolu \u00d6\u011fretmen Lisesinde okudu. 1999 y\u0131l\u0131nda Karadeniz Teknik \u00dcniversitesi Fatih E\u011fitim Fak\u00fcltesi Matematik \u00d6\u011fretmeli\u011fi program\u0131ndan mezun oldu. Karadeniz Teknik \u00dcniversitesi Fen Bilimleri Enstit\u00fcs\u00fc Orta\u00f6\u011fretim Fen ve Matematik Alanlar\u0131 E\u011fitimi Anabilim dal\u0131nda 2002 y\u0131l\u0131nda y\u00fcksek [&hellip;]<\/p>\n","protected":false},"author":1,"featured_media":0,"parent":0,"menu_order":0,"comment_status":"closed","ping_status":"closed","template":"","meta":[],"_links":{"self":[{"href":"https:\/\/bilmat.org\/calisma_grubu\/wp-json\/wp\/v2\/pages\/1100"}],"collection":[{"href":"https:\/\/bilmat.org\/calisma_grubu\/wp-json\/wp\/v2\/pages"}],"about":[{"href":"https:\/\/bilmat.org\/calisma_grubu\/wp-json\/wp\/v2\/types\/page"}],"author":[{"embeddable":true,"href":"https:\/\/bilmat.org\/calisma_grubu\/wp-json\/wp\/v2\/users\/1"}],"replies":[{"embeddable":true,"href":"https:\/\/bilmat.org\/calisma_grubu\/wp-json\/wp\/v2\/comments?post=1100"}],"version-history":[{"count":5,"href":"https:\/\/bilmat.org\/calisma_grubu\/wp-json\/wp\/v2\/pages\/1100\/revisions"}],"predecessor-version":[{"id":2420,"href":"https:\/\/bilmat.org\/calisma_grubu\/wp-json\/wp\/v2\/pages\/1100\/revisions\/2420"}],"wp:attachment":[{"href":"https:\/\/bilmat.org\/calisma_grubu\/wp-json\/wp\/v2\/media?parent=1100"}],"curies":[{"name":"wp","href":"https:\/\/api.w.org\/{rel}","templated":true}]}}