{"id":1103,"date":"2014-09-08T14:34:19","date_gmt":"2014-09-08T14:34:19","guid":{"rendered":"http:\/\/bilmat.org\/calisma_grubu\/?page_id=1103"},"modified":"2020-03-04T02:29:08","modified_gmt":"2020-03-04T02:29:08","slug":"dr-ogr-uyesi-hacer-ozyurt","status":"publish","type":"page","link":"https:\/\/bilmat.org\/calisma_grubu\/dr-ogr-uyesi-hacer-ozyurt\/","title":{"rendered":"Dr. \u00d6\u011fr. \u00dcyesi Hacer \u00d6ZYURT"},"content":{"rendered":"<table border=\"0\" width=\"100%\" cellspacing=\"1\" cellpadding=\"1\" align=\"left\" bgcolor=\"#CCCCCC\">\n<tbody>\n<tr>\n<td bgcolor=\"#CCCCCC\" width=\"116\">\n<div style=\"text-align: left;\" align=\"left\">Dr. \u00d6\u011fr. \u00dcyesi Hacer \u00d6ZYURT<\/div>\n<p><img class=\"thumbnail\" src=\"http:\/\/bilmat.org\/calisma_grubu\/wp-content\/uploads\/2014\/09\/hu.png\" alt=\"\" \/><\/td>\n<td valign=\"top\" bgcolor=\"#FFFFFF\">\n<div align=\"left\">\n<div align=\"left\">\n<div align=\"left\">\n<div align=\"left\">\n<div align=\"left\">\n<div align=\"left\">\n<div align=\"left\"><a href=\"http:\/\/www.bilmat.org\/ktubilmat\/yayh.php?ids=26\" target=\"_blank\">Yay\u0131nlar<\/a><\/div>\n<div align=\"justify\">Hacer \u00d6ZYURT, 1982 y\u0131l\u0131nda Trabzon&#8217;da do\u011fdu. \u0130lk\u00f6\u011frenimini Trabzon&#8217;da tamamlad\u0131. 1999 y\u0131l\u0131nda Trabzon \u0130mam-Hatip Lisesinden mezun oldu.\u00a0 2000 y\u0131l\u0131nda KT\u00dc, Be\u015fikd\u00fcz\u00fc MYO, Bilgisayar Programc\u0131l\u0131\u011f\u0131 program\u0131na girdi. 2002 y\u0131l\u0131nda mezun oldu. 2004 y\u0131l\u0131nda Dikey Ge\u00e7i\u015f S\u0131nav\u0131\u00a0 ile KT\u00dc, Fatih E\u011fitim Fak\u00fcltesi, Bilgisayar ve \u00d6\u011fretim Teknolojileri E\u011fitimi B\u00f6l\u00fcm\u00fcn\u00fc kazand\u0131. 2007 y\u0131l\u0131nda b\u00f6l\u00fcm ikincisi olarak mezun oldu. Ayn\u0131 y\u0131l KT\u00dc, Fen Bilimleri Enstit\u00fcs\u00fc, Orta\u00f6\u011fretim Fen ve Matematik E\u011fitimi alanlar\u0131 Anabilim Dal\u0131, Matematik E\u011fitimi Doktora program\u0131na girdi. 2013 y\u0131l\u0131nda doktoras\u0131na tamamlad\u0131. 2013 y\u0131l\u0131nda KT\u00dc, Of Teknoloji Fak\u00fcltesi, Yaz\u0131l\u0131m M\u00fchendisli\u011fi B\u00f6l\u00fcm\u00fc\u2019nde \u00f6\u011fretim \u00fcyesi olarak \u00e7al\u0131\u015fmaya ba\u015flad\u0131. Halen bu b\u00f6l\u00fcmde akademik hayat\u0131na devam etmektedir.<\/div>\n<\/div>\n<\/div>\n<\/div>\n<\/div>\n<\/div>\n<\/div>\n<\/td>\n<\/tr>\n<tr>\n<td bgcolor=\"#CCCCCC\">\n<div align=\"left\">\u00c7al\u0131\u015fma Alanlar\u0131:<\/div>\n<\/td>\n<td bgcolor=\"#F3F3F3\"><\/td>\n<\/tr>\n<tr>\n<td bgcolor=\"#CCCCCC\">\n<div align=\"left\">\u0130leti\u015fim Bilgileri:<\/div>\n<\/td>\n<td bgcolor=\"#FFFFFF\"><\/td>\n<\/tr>\n<tr>\n<td bgcolor=\"#CCCCCC\">E-posta:<\/td>\n<td bgcolor=\"#F3F3F3\"><a href=\"mailto:abudak@erzincan.edu.tr\">hacerozyurt@ktu.edu.tr<\/a><\/td>\n<\/tr>\n<tr>\n<td bgcolor=\"#CCCCCC\">\n<div align=\"left\">Web Adresi:<\/div>\n<\/td>\n<td bgcolor=\"#FFFFFF\"><\/td>\n<\/tr>\n<\/tbody>\n<\/table>\n<p style=\"text-align: right;\">\n","protected":false},"excerpt":{"rendered":"<p>Dr. \u00d6\u011fr. \u00dcyesi Hacer \u00d6ZYURT Yay\u0131nlar Hacer \u00d6ZYURT, 1982 y\u0131l\u0131nda Trabzon&#8217;da do\u011fdu. \u0130lk\u00f6\u011frenimini Trabzon&#8217;da tamamlad\u0131. 1999 y\u0131l\u0131nda Trabzon \u0130mam-Hatip Lisesinden mezun oldu.\u00a0 2000 y\u0131l\u0131nda KT\u00dc, Be\u015fikd\u00fcz\u00fc MYO, Bilgisayar Programc\u0131l\u0131\u011f\u0131 program\u0131na girdi. 2002 y\u0131l\u0131nda mezun oldu. 2004 y\u0131l\u0131nda Dikey Ge\u00e7i\u015f S\u0131nav\u0131\u00a0 ile KT\u00dc, Fatih E\u011fitim Fak\u00fcltesi, Bilgisayar ve \u00d6\u011fretim Teknolojileri E\u011fitimi B\u00f6l\u00fcm\u00fcn\u00fc kazand\u0131. 2007 y\u0131l\u0131nda b\u00f6l\u00fcm [&hellip;]<\/p>\n","protected":false},"author":1,"featured_media":0,"parent":0,"menu_order":0,"comment_status":"closed","ping_status":"closed","template":"","meta":[],"_links":{"self":[{"href":"https:\/\/bilmat.org\/calisma_grubu\/wp-json\/wp\/v2\/pages\/1103"}],"collection":[{"href":"https:\/\/bilmat.org\/calisma_grubu\/wp-json\/wp\/v2\/pages"}],"about":[{"href":"https:\/\/bilmat.org\/calisma_grubu\/wp-json\/wp\/v2\/types\/page"}],"author":[{"embeddable":true,"href":"https:\/\/bilmat.org\/calisma_grubu\/wp-json\/wp\/v2\/users\/1"}],"replies":[{"embeddable":true,"href":"https:\/\/bilmat.org\/calisma_grubu\/wp-json\/wp\/v2\/comments?post=1103"}],"version-history":[{"count":4,"href":"https:\/\/bilmat.org\/calisma_grubu\/wp-json\/wp\/v2\/pages\/1103\/revisions"}],"predecessor-version":[{"id":2072,"href":"https:\/\/bilmat.org\/calisma_grubu\/wp-json\/wp\/v2\/pages\/1103\/revisions\/2072"}],"wp:attachment":[{"href":"https:\/\/bilmat.org\/calisma_grubu\/wp-json\/wp\/v2\/media?parent=1103"}],"curies":[{"name":"wp","href":"https:\/\/api.w.org\/{rel}","templated":true}]}}