{"id":1109,"date":"2014-09-08T14:40:50","date_gmt":"2014-09-08T14:40:50","guid":{"rendered":"http:\/\/bilmat.org\/calisma_grubu\/?page_id=1109"},"modified":"2024-02-25T12:32:36","modified_gmt":"2024-02-25T12:32:36","slug":"prof-dr-ilhan-karatas","status":"publish","type":"page","link":"https:\/\/bilmat.org\/calisma_grubu\/prof-dr-ilhan-karatas\/","title":{"rendered":"Prof. Dr. \u0130lhan KARATA\u015e"},"content":{"rendered":"<table border=\"0\" width=\"100%\" cellspacing=\"1\" cellpadding=\"1\" align=\"left\" bgcolor=\"#CCCCCC\">\n<tbody>\n<tr>\n<td bgcolor=\"#CCCCCC\" width=\"116\">\n<div style=\"text-align: left;\" align=\"left\"><img class=\"thumbnail\" src=\"http:\/\/bilmat.org\/calisma_grubu\/wp-content\/uploads\/2014\/09\/ik.png\" alt=\"\" \/><\/div>\n<\/td>\n<td valign=\"top\" bgcolor=\"#FFFFFF\">\n<div align=\"left\">\n<div align=\"left\">\n<div align=\"left\">\n<div align=\"left\">\n<div align=\"left\">\n<div align=\"left\">\n<div align=\"left\"><a href=\"http:\/\/egitim.beun.edu.tr\/cv\/ikaratas\/yayinlar\/\" target=\"_blank\" rel=\"noopener\">Yay\u0131nlar<\/a><\/div>\n<div align=\"justify\">\n<p>1977 y\u0131l\u0131nda Erzurum\u2019un Tortum il\u00e7esine ba\u011fl\u0131 Ba\u011fba\u015f\u0131 K\u00f6y\u00fcnde do\u011fdu. \u0130lkokul ve Ortaokul \u00f6\u011frenimini ayn\u0131 yerde tamamlad\u0131. Lise \u00f6\u011frenimini Bursa \u0130neg\u00f6l\u2019de tamamlad\u0131. 1994 y\u0131l\u0131nda Karadeniz Teknik \u00dcniversitesi Fatih E\u011fitim Fak\u00fcltesi Matematik \u00f6\u011fretmenli\u011fi b\u00f6l\u00fcm\u00fcn\u00fc kazand\u0131. 1998 y\u0131l\u0131nda mezun olarak ayn\u0131 y\u0131l Fen Bilimleri E\u011fitiminde matematik e\u011fitimi alan\u0131nda y\u00fcksek lisans program\u0131na ba\u015flad\u0131 ve 2002 y\u0131l\u0131nda \u201c8. s\u0131n\u0131f \u00f6\u011frencilerinin problem \u00e7\u00f6zme s\u00fcrecinde kullan\u0131lan bilgi t\u00fcrlerini kullanma d\u00fczeyleri\u201d adl\u0131 tezini vererek y\u00fcksek lisans \u00f6\u011frenimini tamamlad\u0131. Ayn\u0131 y\u0131l KTU Fen Bilimleri enstit\u00fcs\u00fc ilk\u00f6\u011fretim anabilim dal\u0131 matematik e\u011fitiminde doktora e\u011fitimine ba\u015flad\u0131 ve 2008 y\u0131l\u0131nda mezun oldu. 2014 y\u0131l\u0131nda Do\u00e7ent olan Karata\u015f, B\u00fclent Ecevit \u00dcniversitesi\u2019nde \u00f6\u011fretim \u00fcyesi olarak \u00e7al\u0131\u015fmaktad\u0131r.Yabanc\u0131 dili \u0130ngilizce olup evli ve iki \u00e7ocuk babas\u0131d\u0131r.<\/p>\n<\/div>\n<\/div>\n<\/div>\n<\/div>\n<\/div>\n<\/div>\n<\/div>\n<\/td>\n<\/tr>\n<tr>\n<td bgcolor=\"#CCCCCC\">\n<div align=\"left\">\u00c7al\u0131\u015fma Alanlar\u0131:<\/div>\n<\/td>\n<td bgcolor=\"#F3F3F3\"><\/td>\n<\/tr>\n<tr>\n<td bgcolor=\"#CCCCCC\">\n<div align=\"left\">\u0130leti\u015fim Bilgileri:<\/div>\n<\/td>\n<td bgcolor=\"#FFFFFF\"><\/td>\n<\/tr>\n<tr>\n<td bgcolor=\"#CCCCCC\">E-posta:<\/td>\n<td bgcolor=\"#F3F3F3\"><a href=\"mailto:abudak@erzincan.edu.tr\">karatasilhan@gmail.com<\/a><\/td>\n<\/tr>\n<tr>\n<td bgcolor=\"#CCCCCC\">\n<div align=\"left\">Web Adresi:<\/div>\n<\/td>\n<td bgcolor=\"#FFFFFF\"><a href=\"http:\/\/emyo.beun.edu.tr\/cv\/ikaratas\/\" target=\"_blank\" rel=\"noopener\">http:\/\/emyo.beun.edu.tr\/cv\/ikaratas\/\u00a0<\/a><\/td>\n<\/tr>\n<\/tbody>\n<\/table>\n<p style=\"text-align: right;\">\n","protected":false},"excerpt":{"rendered":"<p>Yay\u0131nlar 1977 y\u0131l\u0131nda Erzurum\u2019un Tortum il\u00e7esine ba\u011fl\u0131 Ba\u011fba\u015f\u0131 K\u00f6y\u00fcnde do\u011fdu. \u0130lkokul ve Ortaokul \u00f6\u011frenimini ayn\u0131 yerde tamamlad\u0131. Lise \u00f6\u011frenimini Bursa \u0130neg\u00f6l\u2019de tamamlad\u0131. 1994 y\u0131l\u0131nda Karadeniz Teknik \u00dcniversitesi Fatih E\u011fitim Fak\u00fcltesi Matematik \u00f6\u011fretmenli\u011fi b\u00f6l\u00fcm\u00fcn\u00fc kazand\u0131. 1998 y\u0131l\u0131nda mezun olarak ayn\u0131 y\u0131l Fen Bilimleri E\u011fitiminde matematik e\u011fitimi alan\u0131nda y\u00fcksek lisans program\u0131na ba\u015flad\u0131 ve 2002 y\u0131l\u0131nda \u201c8. s\u0131n\u0131f [&hellip;]<\/p>\n","protected":false},"author":1,"featured_media":0,"parent":0,"menu_order":0,"comment_status":"closed","ping_status":"closed","template":"","meta":[],"_links":{"self":[{"href":"https:\/\/bilmat.org\/calisma_grubu\/wp-json\/wp\/v2\/pages\/1109"}],"collection":[{"href":"https:\/\/bilmat.org\/calisma_grubu\/wp-json\/wp\/v2\/pages"}],"about":[{"href":"https:\/\/bilmat.org\/calisma_grubu\/wp-json\/wp\/v2\/types\/page"}],"author":[{"embeddable":true,"href":"https:\/\/bilmat.org\/calisma_grubu\/wp-json\/wp\/v2\/users\/1"}],"replies":[{"embeddable":true,"href":"https:\/\/bilmat.org\/calisma_grubu\/wp-json\/wp\/v2\/comments?post=1109"}],"version-history":[{"count":6,"href":"https:\/\/bilmat.org\/calisma_grubu\/wp-json\/wp\/v2\/pages\/1109\/revisions"}],"predecessor-version":[{"id":2602,"href":"https:\/\/bilmat.org\/calisma_grubu\/wp-json\/wp\/v2\/pages\/1109\/revisions\/2602"}],"wp:attachment":[{"href":"https:\/\/bilmat.org\/calisma_grubu\/wp-json\/wp\/v2\/media?parent=1109"}],"curies":[{"name":"wp","href":"https:\/\/api.w.org\/{rel}","templated":true}]}}