{"id":1160,"date":"2014-09-18T09:45:40","date_gmt":"2014-09-18T09:45:40","guid":{"rendered":"http:\/\/bilmat.org\/calisma_grubu\/?page_id=1160"},"modified":"2021-06-15T01:16:26","modified_gmt":"2021-06-15T01:16:26","slug":"prof-dr-bulent-guven","status":"publish","type":"page","link":"https:\/\/bilmat.org\/calisma_grubu\/prof-dr-bulent-guven\/","title":{"rendered":"Prof. Dr. B\u00fclent G\u00dcVEN"},"content":{"rendered":"<table border=\"0\" width=\"100%\" cellspacing=\"1\" cellpadding=\"1\" align=\"left\" bgcolor=\"#CCCCCC\">\n<tbody>\n<tr>\n<td bgcolor=\"#CCCCCC\" width=\"116\">\n<div style=\"text-align: left;\" align=\"left\"><img loading=\"lazy\" src=\"http:\/\/www.bilmat.org\/ktubilmat\/kullanici\/25.jpg\" alt=\"\" width=\"120\" height=\"130\" \/><\/div>\n<\/td>\n<td valign=\"top\" bgcolor=\"#FFFFFF\">\n<div align=\"left\">\n<div align=\"left\">\n<div align=\"left\"><a href=\"http:\/\/aves.ktu.edu.tr\/bguven\/yayinlar\" target=\"_blank\" rel=\"noopener\">Yay\u0131nlar<\/a><\/div>\n<div align=\"justify\">1978 y\u0131l\u0131nda Trabzon\u2019da do\u011fdu. \u0130lk, orta ve lise \u00f6\u011frenimini bu \u015fehirde tamamlad\u0131. 1996 y\u0131l\u0131nda girdi\u011fi KT\u00dc Fatih E\u011fitim Fak\u00fcltesi Matematik \u00d6\u011fretmenli\u011fi program\u0131n\u0131 2000 y\u0131l\u0131nda bitirdi. Ayn\u0131 y\u0131l KT\u00dc Fatih E\u011fitim Fak\u00fcltesinde ara\u015ft\u0131rma g\u00f6revlisi olarak \u00e7al\u0131\u015fmaya ba\u015flad\u0131. Y\u00fcksek lisans\u0131n\u0131 \u2018Dinamik Geometri yaz\u0131l\u0131m\u0131 Cabri ile Ke\u015ffederek \u00d6\u011frenme\u2019 adl\u0131 y\u00fcksek lisans tezi ile 2002, doktoras\u0131n\u0131 da \u2018\u00d6\u011fretmen Adaylar\u0131n\u0131n K\u00fcresel Geometri Anlama D\u00fczeylerinin Karakterize edilmesi\u2019 tezi ile 2006 y\u0131l\u0131nda K.T.\u00dc. Fen Bilimleri Enstit\u00fcs\u00fcnde tamamlad\u0131. 2006 y\u0131l\u0131nda Fatih E\u011fitim Fak\u00fcltesi Orta\u00f6\u011fretim Fen ve Matematik Alanlar\u0131 E\u011fitimi Anabilim dal\u0131na \u00f6\u011fretim \u00fcyeli\u011fine ba\u015flayan G\u00fcven, 2015 y\u0131l\u0131ndan beri profes\u00f6r olarak g\u00f6rev yapmaktad\u0131r.<\/div>\n<\/div>\n<\/div>\n<\/td>\n<\/tr>\n<tr>\n<td bgcolor=\"#CCCCCC\">\n<div align=\"left\">\u00c7al\u0131\u015fma Alanlar\u0131:<\/div>\n<\/td>\n<td bgcolor=\"#F3F3F3\">Bilgisayar Destekli Matematik, Dinamik Geometri Yaz\u0131l\u0131mlar\u0131, Problem \u00c7\u00f6zme, \u0130spat<\/td>\n<\/tr>\n<tr>\n<td bgcolor=\"#CCCCCC\">\n<div align=\"left\">\u0130leti\u015fim Bilgileri:<\/div>\n<\/td>\n<td bgcolor=\"#FFFFFF\"><\/td>\n<\/tr>\n<tr>\n<td style=\"text-align: left;\" bgcolor=\"#CCCCCC\">E-posta:<\/td>\n<td bgcolor=\"#F3F3F3\"><a href=\"mailto:bguven@ktu.edu.tr\" target=\"_blank\" rel=\"noopener\">bguven@ktu.edu.tr<\/a><\/td>\n<\/tr>\n<tr>\n<td bgcolor=\"#CCCCCC\">\n<div align=\"left\">Web Adresi:<\/div>\n<\/td>\n<td bgcolor=\"#FFFFFF\"><a href=\"http:\/\/aves.ktu.edu.tr\/bguven\" target=\"_blank\" rel=\"noopener\">http:\/\/aves.ktu.edu.tr\/bguven\u00a0<\/a><\/td>\n<\/tr>\n<\/tbody>\n<\/table>\n<p style=\"text-align: right;\">\n","protected":false},"excerpt":{"rendered":"<p>Yay\u0131nlar 1978 y\u0131l\u0131nda Trabzon\u2019da do\u011fdu. \u0130lk, orta ve lise \u00f6\u011frenimini bu \u015fehirde tamamlad\u0131. 1996 y\u0131l\u0131nda girdi\u011fi KT\u00dc Fatih E\u011fitim Fak\u00fcltesi Matematik \u00d6\u011fretmenli\u011fi program\u0131n\u0131 2000 y\u0131l\u0131nda bitirdi. Ayn\u0131 y\u0131l KT\u00dc Fatih E\u011fitim Fak\u00fcltesinde ara\u015ft\u0131rma g\u00f6revlisi olarak \u00e7al\u0131\u015fmaya ba\u015flad\u0131. Y\u00fcksek lisans\u0131n\u0131 \u2018Dinamik Geometri yaz\u0131l\u0131m\u0131 Cabri ile Ke\u015ffederek \u00d6\u011frenme\u2019 adl\u0131 y\u00fcksek lisans tezi ile 2002, doktoras\u0131n\u0131 da \u2018\u00d6\u011fretmen [&hellip;]<\/p>\n","protected":false},"author":1,"featured_media":0,"parent":0,"menu_order":0,"comment_status":"closed","ping_status":"closed","template":"","meta":[],"_links":{"self":[{"href":"https:\/\/bilmat.org\/calisma_grubu\/wp-json\/wp\/v2\/pages\/1160"}],"collection":[{"href":"https:\/\/bilmat.org\/calisma_grubu\/wp-json\/wp\/v2\/pages"}],"about":[{"href":"https:\/\/bilmat.org\/calisma_grubu\/wp-json\/wp\/v2\/types\/page"}],"author":[{"embeddable":true,"href":"https:\/\/bilmat.org\/calisma_grubu\/wp-json\/wp\/v2\/users\/1"}],"replies":[{"embeddable":true,"href":"https:\/\/bilmat.org\/calisma_grubu\/wp-json\/wp\/v2\/comments?post=1160"}],"version-history":[{"count":7,"href":"https:\/\/bilmat.org\/calisma_grubu\/wp-json\/wp\/v2\/pages\/1160\/revisions"}],"predecessor-version":[{"id":2512,"href":"https:\/\/bilmat.org\/calisma_grubu\/wp-json\/wp\/v2\/pages\/1160\/revisions\/2512"}],"wp:attachment":[{"href":"https:\/\/bilmat.org\/calisma_grubu\/wp-json\/wp\/v2\/media?parent=1160"}],"curies":[{"name":"wp","href":"https:\/\/api.w.org\/{rel}","templated":true}]}}