{"id":1601,"date":"2017-12-21T20:24:37","date_gmt":"2017-12-21T20:24:37","guid":{"rendered":"http:\/\/bilmat.org\/calisma_grubu\/?page_id=1601"},"modified":"2020-11-14T23:02:03","modified_gmt":"2020-11-14T23:02:03","slug":"ars-gor-zeynep-arslan","status":"publish","type":"page","link":"https:\/\/bilmat.org\/calisma_grubu\/ars-gor-zeynep-arslan\/","title":{"rendered":"Ar\u015f. G\u00f6r. Zeynep ARSLAN"},"content":{"rendered":"<table border=\"0\" width=\"100%\" cellspacing=\"1\" cellpadding=\"1\" align=\"left\" bgcolor=\"#CCCCCC\">\n<tbody>\n<tr>\n<td bgcolor=\"#CCCCCC\" width=\"116\">\n<div style=\"text-align: left;\" align=\"left\">Ar\u015f. G\u00f6r.\u00a0Zeynep ARSLAN<a href=\"http:\/\/bilmat.org\/calisma_grubu\/wp-content\/uploads\/2017\/12\/Zeynep-ARSLAN-2-Zeynep-Arslan.jpg\"><img loading=\"lazy\" class=\"aligncenter size-medium wp-image-2287\" src=\"http:\/\/bilmat.org\/calisma_grubu\/wp-content\/uploads\/2017\/12\/Zeynep-ARSLAN-2-Zeynep-Arslan-400x596.jpg\" alt=\"Zeynep ARSLAN (2) - Zeynep Arslan\" width=\"201\" height=\"300\" srcset=\"https:\/\/bilmat.org\/calisma_grubu\/wp-content\/uploads\/2017\/12\/Zeynep-ARSLAN-2-Zeynep-Arslan-400x596.jpg 400w, https:\/\/bilmat.org\/calisma_grubu\/wp-content\/uploads\/2017\/12\/Zeynep-ARSLAN-2-Zeynep-Arslan-250x373.jpg 250w, https:\/\/bilmat.org\/calisma_grubu\/wp-content\/uploads\/2017\/12\/Zeynep-ARSLAN-2-Zeynep-Arslan-768x1145.jpg 768w, https:\/\/bilmat.org\/calisma_grubu\/wp-content\/uploads\/2017\/12\/Zeynep-ARSLAN-2-Zeynep-Arslan-650x969.jpg 650w, https:\/\/bilmat.org\/calisma_grubu\/wp-content\/uploads\/2017\/12\/Zeynep-ARSLAN-2-Zeynep-Arslan-150x224.jpg 150w, https:\/\/bilmat.org\/calisma_grubu\/wp-content\/uploads\/2017\/12\/Zeynep-ARSLAN-2-Zeynep-Arslan-50x75.jpg 50w, https:\/\/bilmat.org\/calisma_grubu\/wp-content\/uploads\/2017\/12\/Zeynep-ARSLAN-2-Zeynep-Arslan-100x149.jpg 100w, https:\/\/bilmat.org\/calisma_grubu\/wp-content\/uploads\/2017\/12\/Zeynep-ARSLAN-2-Zeynep-Arslan-200x298.jpg 200w, https:\/\/bilmat.org\/calisma_grubu\/wp-content\/uploads\/2017\/12\/Zeynep-ARSLAN-2-Zeynep-Arslan-300x447.jpg 300w, https:\/\/bilmat.org\/calisma_grubu\/wp-content\/uploads\/2017\/12\/Zeynep-ARSLAN-2-Zeynep-Arslan-350x522.jpg 350w, https:\/\/bilmat.org\/calisma_grubu\/wp-content\/uploads\/2017\/12\/Zeynep-ARSLAN-2-Zeynep-Arslan-450x671.jpg 450w, https:\/\/bilmat.org\/calisma_grubu\/wp-content\/uploads\/2017\/12\/Zeynep-ARSLAN-2-Zeynep-Arslan-500x745.jpg 500w, https:\/\/bilmat.org\/calisma_grubu\/wp-content\/uploads\/2017\/12\/Zeynep-ARSLAN-2-Zeynep-Arslan-550x820.jpg 550w, https:\/\/bilmat.org\/calisma_grubu\/wp-content\/uploads\/2017\/12\/Zeynep-ARSLAN-2-Zeynep-Arslan-800x1192.jpg 800w, https:\/\/bilmat.org\/calisma_grubu\/wp-content\/uploads\/2017\/12\/Zeynep-ARSLAN-2-Zeynep-Arslan-1200x1788.jpg 1200w, https:\/\/bilmat.org\/calisma_grubu\/wp-content\/uploads\/2017\/12\/Zeynep-ARSLAN-2-Zeynep-Arslan-1600x2384.jpg 1600w, https:\/\/bilmat.org\/calisma_grubu\/wp-content\/uploads\/2017\/12\/Zeynep-ARSLAN-2-Zeynep-Arslan-2000x2981.jpg 2000w\" sizes=\"(max-width: 201px) 100vw, 201px\" \/><\/a><\/div>\n<\/td>\n<td valign=\"top\" bgcolor=\"#FFFFFF\">\n<div align=\"left\">\n<div align=\"left\">\n<div align=\"left\">\n<div align=\"left\">\n<div align=\"left\">\n<div align=\"left\">\n<div align=\"left\"><\/div>\n<div align=\"justify\">1989 y\u0131l\u0131nda Ankara\u2019da do\u011fdu. \u0130lk, orta ve lise \u00f6\u011frenimini bu \u015fehirde tamamlad\u0131. 2006 y\u0131l\u0131nda girdi\u011fi Cumhuriyet \u00dcniversitesi E\u011fitim Fak\u00fcltesi Orta\u00f6\u011fretim Matematik \u00d6\u011fretmenli\u011fi program\u0131n\u0131 2011 y\u0131l\u0131nda tamamlad\u0131. Ayn\u0131 y\u0131l Erasmus \u00f6\u011frenci de\u011fi\u015fimi program\u0131 kapsam\u0131nda \u0130spanya\u2019da Universidad de Huelva \u00dcniversitesi\u2019nde matematik e\u011fitimi alan\u0131nda \u00f6\u011frenim g\u00f6rd\u00fc. Escuela C.E.I.P Manuel Siurot okulunda stajer \u00f6\u011fretmen olarak \u00f6\u011fretmenlik deneyimlerini ger\u00e7ekle\u015ftirdi. Daha sonra Ankara\u2019da \u00f6zel kurumlarda lise matematik \u00f6\u011fretmeni olarak g\u00f6rev yapt\u0131. 2013 y\u0131l\u0131nda Gazi \u00dcniversitesi E\u011fitim Bilimleri Enstit\u00fcs\u00fc\u2019nde \u0130lk\u00f6\u011fretim Matematik E\u011fitimi dal\u0131nda y\u00fcksek lisans e\u011fitimine ba\u015flad\u0131. Bu s\u0131rada Gen\u00e7lik Spor Bakanl\u0131\u011f\u0131 b\u00fcnyesinde Y\u00fcksek \u00d6\u011frenim Kredi ve Yurtlar Kurumu\u2019na atand\u0131 ve bu kurumda e\u011fitim faaliyetleri sorumlusu olarak g\u00f6rev yapt\u0131. 2015 y\u0131l\u0131nda KT\u00dc Matematik E\u011fitimi anabilim dal\u0131nda ara\u015ft\u0131rma g\u00f6revlisi olarak g\u00f6reve ba\u015flad\u0131. 2016 y\u0131l\u0131nda y\u00fcksek lisans e\u011fitimini tamamlayarak KT\u00dc E\u011fitim Bilimleri Enstit\u00fcs\u00fc\u2019nde doktora e\u011fitimine ba\u015flad\u0131. Yeni kanun tasar\u0131s\u0131 ile birlikte Trabzon \u00dcniversitesi&#8217;ne ba\u011flanan kurumunda halen ara\u015ft\u0131rma g\u00f6revlisi olarak \u00e7al\u0131\u015fmaktad\u0131r. \u00d6\u011fretmen e\u011fitimi, \u00f6\u011frencilerin matematiksel d\u00fc\u015f\u00fcnmeleri ve fark etme becerisi \u00fczerine \u00e7al\u0131\u015fmalar yapan Arslan, \u0130spanyolca ve \u0130ngilizce bilmektedir.<\/div>\n<\/div>\n<\/div>\n<\/div>\n<\/div>\n<\/div>\n<\/div>\n<\/td>\n<\/tr>\n<tr>\n<td bgcolor=\"#CCCCCC\">\n<div align=\"left\">\u00c7al\u0131\u015fma Alanlar\u0131:<\/div>\n<\/td>\n<td bgcolor=\"#F3F3F3\">\u00a0\u00d6\u011fretmen e\u011fitimi, \u00f6\u011frencilerin matematiksel d\u00fc\u015f\u00fcnmeleri, fark etme becerisi, teknoloji destekli e\u011fitim<\/td>\n<\/tr>\n<tr>\n<td bgcolor=\"#CCCCCC\">\n<div align=\"left\">\u0130leti\u015fim Bilgileri:<\/div>\n<\/td>\n<td bgcolor=\"#FFFFFF\"><\/td>\n<\/tr>\n<tr>\n<td bgcolor=\"#CCCCCC\">E-posta:<\/td>\n<td bgcolor=\"#F3F3F3\"><a href=\"mailto:zeyneparslan@ktu.edu.tr\">zeyneparslan@trabzon.edu.tr<\/a><\/td>\n<\/tr>\n<tr>\n<td bgcolor=\"#CCCCCC\">\n<div align=\"left\">Web Adresi:<\/div>\n<\/td>\n<td bgcolor=\"#FFFFFF\"><\/td>\n<\/tr>\n<\/tbody>\n<\/table>\n<p style=\"text-align: right;\">\n","protected":false},"excerpt":{"rendered":"<p>Ar\u015f. G\u00f6r.\u00a0Zeynep ARSLAN 1989 y\u0131l\u0131nda Ankara\u2019da do\u011fdu. \u0130lk, orta ve lise \u00f6\u011frenimini bu \u015fehirde tamamlad\u0131. 2006 y\u0131l\u0131nda girdi\u011fi Cumhuriyet \u00dcniversitesi E\u011fitim Fak\u00fcltesi Orta\u00f6\u011fretim Matematik \u00d6\u011fretmenli\u011fi program\u0131n\u0131 2011 y\u0131l\u0131nda tamamlad\u0131. Ayn\u0131 y\u0131l Erasmus \u00f6\u011frenci de\u011fi\u015fimi program\u0131 kapsam\u0131nda \u0130spanya\u2019da Universidad de Huelva \u00dcniversitesi\u2019nde matematik e\u011fitimi alan\u0131nda \u00f6\u011frenim g\u00f6rd\u00fc. Escuela C.E.I.P Manuel Siurot okulunda stajer \u00f6\u011fretmen olarak \u00f6\u011fretmenlik [&hellip;]<\/p>\n","protected":false},"author":1,"featured_media":0,"parent":0,"menu_order":0,"comment_status":"closed","ping_status":"closed","template":"","meta":[],"_links":{"self":[{"href":"https:\/\/bilmat.org\/calisma_grubu\/wp-json\/wp\/v2\/pages\/1601"}],"collection":[{"href":"https:\/\/bilmat.org\/calisma_grubu\/wp-json\/wp\/v2\/pages"}],"about":[{"href":"https:\/\/bilmat.org\/calisma_grubu\/wp-json\/wp\/v2\/types\/page"}],"author":[{"embeddable":true,"href":"https:\/\/bilmat.org\/calisma_grubu\/wp-json\/wp\/v2\/users\/1"}],"replies":[{"embeddable":true,"href":"https:\/\/bilmat.org\/calisma_grubu\/wp-json\/wp\/v2\/comments?post=1601"}],"version-history":[{"count":8,"href":"https:\/\/bilmat.org\/calisma_grubu\/wp-json\/wp\/v2\/pages\/1601\/revisions"}],"predecessor-version":[{"id":2289,"href":"https:\/\/bilmat.org\/calisma_grubu\/wp-json\/wp\/v2\/pages\/1601\/revisions\/2289"}],"wp:attachment":[{"href":"https:\/\/bilmat.org\/calisma_grubu\/wp-json\/wp\/v2\/media?parent=1601"}],"curies":[{"name":"wp","href":"https:\/\/api.w.org\/{rel}","templated":true}]}}