{"id":1732,"date":"2019-10-13T10:43:34","date_gmt":"2019-10-13T10:43:34","guid":{"rendered":"http:\/\/bilmat.org\/calisma_grubu\/?page_id=1732"},"modified":"2021-06-15T01:16:44","modified_gmt":"2021-06-15T01:16:44","slug":"prof-dr-osman-birgin-2","status":"publish","type":"page","link":"https:\/\/bilmat.org\/calisma_grubu\/prof-dr-osman-birgin-2\/","title":{"rendered":"Prof. Dr. Osman B\u0130RG\u0130N"},"content":{"rendered":"<table border=\"0\" width=\"100%\" cellspacing=\"1\" cellpadding=\"1\" align=\"left\" bgcolor=\"#CCCCCC\">\n<tbody>\n<tr>\n<td bgcolor=\"#CCCCCC\" width=\"116\">\n<div style=\"text-align: left;\" align=\"left\">\n<a href=\"http:\/\/bilmat.org\/calisma_grubu\/wp-content\/uploads\/2019\/10\/1111.jpg\"><img loading=\"lazy\" class=\"aligncenter size-full wp-image-2101\" src=\"http:\/\/bilmat.org\/calisma_grubu\/wp-content\/uploads\/2019\/10\/1111.jpg\" alt=\"1111\" width=\"147\" height=\"200\" srcset=\"https:\/\/bilmat.org\/calisma_grubu\/wp-content\/uploads\/2019\/10\/1111.jpg 147w, https:\/\/bilmat.org\/calisma_grubu\/wp-content\/uploads\/2019\/10\/1111-50x68.jpg 50w, https:\/\/bilmat.org\/calisma_grubu\/wp-content\/uploads\/2019\/10\/1111-100x136.jpg 100w\" sizes=\"(max-width: 147px) 100vw, 147px\" \/><\/a><\/div>\n<\/td>\n<td valign=\"top\" bgcolor=\"#FFFFFF\">\n<div align=\"left\">\n<div align=\"left\">\n<div align=\"left\"><\/div>\n<div align=\"justify\">1976 y\u0131l\u0131nda Denizli\u2019nin Ac\u0131payam il\u00e7esine ba\u011fl\u0131 Kuz\u00f6ren K\u00f6y\u00fc\u2019nde do\u011fdu. ilk ve orta\u00f6\u011frenimini Denizli\u2019de tamamlad\u0131. 1997 y\u0131l\u0131nda \u0130n\u00f6n\u00fc \u00dcniversitesi, Matematik \u00d6\u011fretmenli\u011fi B\u00f6l\u00fcm\u00fc\u2019nden mezun oldu. 1998-1999 e\u011fitim \u00f6\u011fretim y\u0131l\u0131nda Malatya ili Darende il\u00e7esi Gedikagzi K\u00f6y\u00fc\u2019nde matematik \u00f6\u011fretmenli\u011fi yapt\u0131. 1999 y\u0131l\u0131nda F\u0131rat \u00dcniversitesi, \u0130lk\u00f6\u011fretim B\u00f6l\u00fcm\u00fc\u2019ne ara\u015ft\u0131rma g\u00f6revlisi kadrosuna atand\u0131. 2003 y\u0131l\u0131nda KT\u00dc, Fen Bilimleri Enstit\u00fcs\u00fc, Matematik E\u011fitimi alan\u0131nda y\u00fcksek lisans tezini, 2010 y\u0131l\u0131nda da doktora tezini tamamlad\u0131. 2010 y\u0131l\u0131nda F\u0131rat \u00dcniversitesi, E\u011fitim Fak\u00fcltesi\u2019nde g\u00f6rev yapt\u0131. 2011 y\u0131l\u0131ndan itibaren U\u015fak \u00dcniversitesi, E\u011fitim Fak\u00fcltesi, \u0130lk\u00f6\u011fretim Matematik E\u011fitimi Anabilim Dal\u0131\u2019nda \u00f6\u011fretim \u00fcyesi olarak g\u00f6revini s\u00fcrd\u00fcrmektedir. 2012 y\u0131l\u0131nda Do\u00e7ent, 2018 y\u0131l\u0131nda Profes\u00f6r \u00fcnvan\u0131n\u0131 alm\u0131\u015ft\u0131r. Evli ve 2 \u00e7ocuk babas\u0131 olup \u0130ngilizce bilmektedir.<\/div>\n<\/div>\n<\/div>\n<\/td>\n<\/tr>\n<tr>\n<td bgcolor=\"#CCCCCC\">\n<div align=\"left\">\u00c7al\u0131\u015fma Alanlar\u0131:<\/div>\n<\/td>\n<td style=\"text-align: center;\" bgcolor=\"#F3F3F3\">Alternatif \u00d6l\u00e7me ve De\u011ferlendirme Uygulamalar\u0131, Portfolyo De\u011ferlendirme Y\u00f6ntemi, Bilgisayar Destekli \u00d6\u011fretim<\/td>\n<\/tr>\n<tr>\n<td bgcolor=\"#CCCCCC\">\n<div align=\"left\">\u0130leti\u015fim Bilgileri:<\/div>\n<\/td>\n<td bgcolor=\"#FFFFFF\"><\/td>\n<\/tr>\n<tr>\n<td style=\"text-align: left;\" bgcolor=\"#CCCCCC\">E-posta:<\/td>\n<td bgcolor=\"#F3F3F3\">osman.birgin@usak.edu.tr<\/td>\n<\/tr>\n<tr>\n<td bgcolor=\"#CCCCCC\">\n<div align=\"left\">Web Adresi:<\/div>\n<\/td>\n<td bgcolor=\"#FFFFFF\"><a href=\"http:\/\/akbis.usak.edu.tr\/Home\/Index\/osman.birgin\">http:\/\/akbis.usak.edu.tr\/Home\/Index\/osman.birgin<\/a><\/td>\n<\/tr>\n<\/tbody>\n<\/table>\n<p style=\"text-align: right;\">\n","protected":false},"excerpt":{"rendered":"<p>1976 y\u0131l\u0131nda Denizli\u2019nin Ac\u0131payam il\u00e7esine ba\u011fl\u0131 Kuz\u00f6ren K\u00f6y\u00fc\u2019nde do\u011fdu. ilk ve orta\u00f6\u011frenimini Denizli\u2019de tamamlad\u0131. 1997 y\u0131l\u0131nda \u0130n\u00f6n\u00fc \u00dcniversitesi, Matematik \u00d6\u011fretmenli\u011fi B\u00f6l\u00fcm\u00fc\u2019nden mezun oldu. 1998-1999 e\u011fitim \u00f6\u011fretim y\u0131l\u0131nda Malatya ili Darende il\u00e7esi Gedikagzi K\u00f6y\u00fc\u2019nde matematik \u00f6\u011fretmenli\u011fi yapt\u0131. 1999 y\u0131l\u0131nda F\u0131rat \u00dcniversitesi, \u0130lk\u00f6\u011fretim B\u00f6l\u00fcm\u00fc\u2019ne ara\u015ft\u0131rma g\u00f6revlisi kadrosuna atand\u0131. 2003 y\u0131l\u0131nda KT\u00dc, Fen Bilimleri Enstit\u00fcs\u00fc, Matematik E\u011fitimi alan\u0131nda [&hellip;]<\/p>\n","protected":false},"author":1,"featured_media":0,"parent":0,"menu_order":0,"comment_status":"closed","ping_status":"closed","template":"","meta":[],"_links":{"self":[{"href":"https:\/\/bilmat.org\/calisma_grubu\/wp-json\/wp\/v2\/pages\/1732"}],"collection":[{"href":"https:\/\/bilmat.org\/calisma_grubu\/wp-json\/wp\/v2\/pages"}],"about":[{"href":"https:\/\/bilmat.org\/calisma_grubu\/wp-json\/wp\/v2\/types\/page"}],"author":[{"embeddable":true,"href":"https:\/\/bilmat.org\/calisma_grubu\/wp-json\/wp\/v2\/users\/1"}],"replies":[{"embeddable":true,"href":"https:\/\/bilmat.org\/calisma_grubu\/wp-json\/wp\/v2\/comments?post=1732"}],"version-history":[{"count":5,"href":"https:\/\/bilmat.org\/calisma_grubu\/wp-json\/wp\/v2\/pages\/1732\/revisions"}],"predecessor-version":[{"id":2513,"href":"https:\/\/bilmat.org\/calisma_grubu\/wp-json\/wp\/v2\/pages\/1732\/revisions\/2513"}],"wp:attachment":[{"href":"https:\/\/bilmat.org\/calisma_grubu\/wp-json\/wp\/v2\/media?parent=1732"}],"curies":[{"name":"wp","href":"https:\/\/api.w.org\/{rel}","templated":true}]}}