{"id":2332,"date":"2020-11-15T13:01:32","date_gmt":"2020-11-15T13:01:32","guid":{"rendered":"http:\/\/bilmat.org\/calisma_grubu\/?page_id=2332"},"modified":"2021-05-19T01:14:36","modified_gmt":"2021-05-19T01:14:36","slug":"ars-gor-damla-kutlu","status":"publish","type":"page","link":"https:\/\/bilmat.org\/calisma_grubu\/ars-gor-damla-kutlu\/","title":{"rendered":"Ar\u015f. G\u00f6r. Damla KUTLU"},"content":{"rendered":"<table border=\"0\" width=\"100%\" cellspacing=\"1\" cellpadding=\"1\" align=\"left\" bgcolor=\"#CCCCCC\">\n<tbody>\n<tr>\n<td bgcolor=\"#CCCCCC\" width=\"116\">\n<div style=\"text-align: center;\" align=\"left\">Ar\u015f. G\u00f6r.<\/div>\n<div style=\"text-align: center;\" align=\"left\">Damla KUTLU<a href=\"http:\/\/bilmat.org\/calisma_grubu\/wp-content\/uploads\/2020\/11\/IMG-20180105-WA0002-Damla-Kutlu.jpg\"><img loading=\"lazy\" class=\"aligncenter size-medium wp-image-2319\" src=\"http:\/\/bilmat.org\/calisma_grubu\/wp-content\/uploads\/2020\/11\/IMG-20180105-WA0002-Damla-Kutlu-400x533.jpg\" alt=\"IMG-20180105-WA0002 - Damla Kutlu\" width=\"225\" height=\"300\" srcset=\"https:\/\/bilmat.org\/calisma_grubu\/wp-content\/uploads\/2020\/11\/IMG-20180105-WA0002-Damla-Kutlu-400x533.jpg 400w, https:\/\/bilmat.org\/calisma_grubu\/wp-content\/uploads\/2020\/11\/IMG-20180105-WA0002-Damla-Kutlu-250x333.jpg 250w, https:\/\/bilmat.org\/calisma_grubu\/wp-content\/uploads\/2020\/11\/IMG-20180105-WA0002-Damla-Kutlu-768x1024.jpg 768w, https:\/\/bilmat.org\/calisma_grubu\/wp-content\/uploads\/2020\/11\/IMG-20180105-WA0002-Damla-Kutlu-650x867.jpg 650w, https:\/\/bilmat.org\/calisma_grubu\/wp-content\/uploads\/2020\/11\/IMG-20180105-WA0002-Damla-Kutlu-150x200.jpg 150w, https:\/\/bilmat.org\/calisma_grubu\/wp-content\/uploads\/2020\/11\/IMG-20180105-WA0002-Damla-Kutlu-50x67.jpg 50w, https:\/\/bilmat.org\/calisma_grubu\/wp-content\/uploads\/2020\/11\/IMG-20180105-WA0002-Damla-Kutlu-100x133.jpg 100w, https:\/\/bilmat.org\/calisma_grubu\/wp-content\/uploads\/2020\/11\/IMG-20180105-WA0002-Damla-Kutlu-200x267.jpg 200w, https:\/\/bilmat.org\/calisma_grubu\/wp-content\/uploads\/2020\/11\/IMG-20180105-WA0002-Damla-Kutlu-300x400.jpg 300w, https:\/\/bilmat.org\/calisma_grubu\/wp-content\/uploads\/2020\/11\/IMG-20180105-WA0002-Damla-Kutlu-350x467.jpg 350w, https:\/\/bilmat.org\/calisma_grubu\/wp-content\/uploads\/2020\/11\/IMG-20180105-WA0002-Damla-Kutlu-450x600.jpg 450w, https:\/\/bilmat.org\/calisma_grubu\/wp-content\/uploads\/2020\/11\/IMG-20180105-WA0002-Damla-Kutlu-500x667.jpg 500w, https:\/\/bilmat.org\/calisma_grubu\/wp-content\/uploads\/2020\/11\/IMG-20180105-WA0002-Damla-Kutlu-550x733.jpg 550w, https:\/\/bilmat.org\/calisma_grubu\/wp-content\/uploads\/2020\/11\/IMG-20180105-WA0002-Damla-Kutlu-800x1067.jpg 800w, https:\/\/bilmat.org\/calisma_grubu\/wp-content\/uploads\/2020\/11\/IMG-20180105-WA0002-Damla-Kutlu.jpg 1200w\" sizes=\"(max-width: 225px) 100vw, 225px\" \/><\/a><\/div>\n<p>&nbsp;<\/td>\n<td valign=\"top\" bgcolor=\"#FFFFFF\">\n<div align=\"left\">\n<div align=\"left\">\n<div align=\"left\">\n<div align=\"left\">\n<div align=\"left\">\n<div align=\"left\">\n<div align=\"justify\">\n<table style=\"height: 150px;\" width=\"671\">\n<tbody>\n<tr>\n<td width=\"659\">&nbsp;<\/p>\n<p>1993 y\u0131l\u0131nda Ayd\u0131n\u2019\u0131n Nazilli il\u00e7esinde do\u011fdu. S\u0131ras\u0131yla \u00c7apahasan \u0130lk\u00f6\u011fretim Okulu, Kuyucak Anadolu Lisesi\u2019nde okudu. 2011 y\u0131l\u0131nda Karadeniz Teknik \u00dcniversitesi \u0130lk\u00f6\u011fretim Matematik \u00d6\u011fretmenli\u011fi program\u0131na kay\u0131t oldu. 2015 y\u0131l\u0131nda b\u00f6l\u00fcm 2. si olarak mezun oldu ve ayn\u0131 y\u0131l y\u00fcksek lisans e\u011fitimine ba\u015flad\u0131. 2018 y\u0131l\u0131nda Karadeniz Teknik \u00dcniversitesi Fatih E\u011fitim Fak\u00fcltesi Matematik E\u011fitimi Bilim Dal\u0131na ara\u015ft\u0131rma g\u00f6revlisi olarak atand\u0131. \u015eu anda ayn\u0131 kurumda doktora e\u011fitimine devam etmektedir.<\/td>\n<\/tr>\n<\/tbody>\n<\/table>\n<\/div>\n<\/div>\n<\/div>\n<\/div>\n<\/div>\n<\/div>\n<\/div>\n<\/td>\n<\/tr>\n<tr>\n<td bgcolor=\"#CCCCCC\">\n<div align=\"left\">\u00c7al\u0131\u015fma Alanlar\u0131:<\/div>\n<\/td>\n<td bgcolor=\"#F3F3F3\">\u00a0\u00d6\u011fretmen E\u011fitimi<\/td>\n<\/tr>\n<tr>\n<td bgcolor=\"#CCCCCC\">\n<div align=\"left\">\u0130leti\u015fim Bilgileri:<\/div>\n<\/td>\n<td bgcolor=\"#FFFFFF\"><\/td>\n<\/tr>\n<tr>\n<td bgcolor=\"#CCCCCC\">E-posta:<\/td>\n<td bgcolor=\"#F3F3F3\">damlakutlu@trabzon.edu.tr<\/td>\n<\/tr>\n<tr>\n<td bgcolor=\"#CCCCCC\">\n<div align=\"left\">Web Adresi:<\/div>\n<\/td>\n<td bgcolor=\"#FFFFFF\"><\/td>\n<\/tr>\n<\/tbody>\n<\/table>\n<p style=\"text-align: right;\">\n","protected":false},"excerpt":{"rendered":"<p>Ar\u015f. G\u00f6r. Damla KUTLU &nbsp; &nbsp; 1993 y\u0131l\u0131nda Ayd\u0131n\u2019\u0131n Nazilli il\u00e7esinde do\u011fdu. S\u0131ras\u0131yla \u00c7apahasan \u0130lk\u00f6\u011fretim Okulu, Kuyucak Anadolu Lisesi\u2019nde okudu. 2011 y\u0131l\u0131nda Karadeniz Teknik \u00dcniversitesi \u0130lk\u00f6\u011fretim Matematik \u00d6\u011fretmenli\u011fi program\u0131na kay\u0131t oldu. 2015 y\u0131l\u0131nda b\u00f6l\u00fcm 2. si olarak mezun oldu ve ayn\u0131 y\u0131l y\u00fcksek lisans e\u011fitimine ba\u015flad\u0131. 2018 y\u0131l\u0131nda Karadeniz Teknik \u00dcniversitesi Fatih E\u011fitim Fak\u00fcltesi Matematik [&hellip;]<\/p>\n","protected":false},"author":1,"featured_media":0,"parent":0,"menu_order":0,"comment_status":"closed","ping_status":"closed","template":"","meta":[],"_links":{"self":[{"href":"https:\/\/bilmat.org\/calisma_grubu\/wp-json\/wp\/v2\/pages\/2332"}],"collection":[{"href":"https:\/\/bilmat.org\/calisma_grubu\/wp-json\/wp\/v2\/pages"}],"about":[{"href":"https:\/\/bilmat.org\/calisma_grubu\/wp-json\/wp\/v2\/types\/page"}],"author":[{"embeddable":true,"href":"https:\/\/bilmat.org\/calisma_grubu\/wp-json\/wp\/v2\/users\/1"}],"replies":[{"embeddable":true,"href":"https:\/\/bilmat.org\/calisma_grubu\/wp-json\/wp\/v2\/comments?post=2332"}],"version-history":[{"count":2,"href":"https:\/\/bilmat.org\/calisma_grubu\/wp-json\/wp\/v2\/pages\/2332\/revisions"}],"predecessor-version":[{"id":2476,"href":"https:\/\/bilmat.org\/calisma_grubu\/wp-json\/wp\/v2\/pages\/2332\/revisions\/2476"}],"wp:attachment":[{"href":"https:\/\/bilmat.org\/calisma_grubu\/wp-json\/wp\/v2\/media?parent=2332"}],"curies":[{"name":"wp","href":"https:\/\/api.w.org\/{rel}","templated":true}]}}