{"id":2367,"date":"2020-11-23T18:46:57","date_gmt":"2020-11-23T18:46:57","guid":{"rendered":"http:\/\/bilmat.org\/calisma_grubu\/?page_id=2367"},"modified":"2021-06-15T01:17:45","modified_gmt":"2021-06-15T01:17:45","slug":"prof-dr-selahattin-arslan","status":"publish","type":"page","link":"https:\/\/bilmat.org\/calisma_grubu\/prof-dr-selahattin-arslan\/","title":{"rendered":"Prof. Dr. Selahattin ARSLAN"},"content":{"rendered":"<table border=\"0\" width=\"100%\" cellspacing=\"1\" cellpadding=\"1\" align=\"left\" bgcolor=\"#CCCCCC\">\n<tbody>\n<tr>\n<td bgcolor=\"#CCCCCC\" width=\"116\">\n<div style=\"text-align: center;\" align=\"left\">\n<a href=\"http:\/\/bilmat.org\/calisma_grubu\/wp-content\/uploads\/2020\/11\/Resmim_5-Selahattin-Arslan.jpeg\"><img loading=\"lazy\" class=\"aligncenter size-medium wp-image-2324\" src=\"http:\/\/bilmat.org\/calisma_grubu\/wp-content\/uploads\/2020\/11\/Resmim_5-Selahattin-Arslan-400x533.jpeg\" alt=\"Resmim_5 - Selahattin Arslan\" width=\"225\" height=\"300\" srcset=\"https:\/\/bilmat.org\/calisma_grubu\/wp-content\/uploads\/2020\/11\/Resmim_5-Selahattin-Arslan-400x533.jpeg 400w, https:\/\/bilmat.org\/calisma_grubu\/wp-content\/uploads\/2020\/11\/Resmim_5-Selahattin-Arslan-250x333.jpeg 250w, https:\/\/bilmat.org\/calisma_grubu\/wp-content\/uploads\/2020\/11\/Resmim_5-Selahattin-Arslan-768x1023.jpeg 768w, https:\/\/bilmat.org\/calisma_grubu\/wp-content\/uploads\/2020\/11\/Resmim_5-Selahattin-Arslan-650x866.jpeg 650w, https:\/\/bilmat.org\/calisma_grubu\/wp-content\/uploads\/2020\/11\/Resmim_5-Selahattin-Arslan-150x200.jpeg 150w, https:\/\/bilmat.org\/calisma_grubu\/wp-content\/uploads\/2020\/11\/Resmim_5-Selahattin-Arslan-50x67.jpeg 50w, https:\/\/bilmat.org\/calisma_grubu\/wp-content\/uploads\/2020\/11\/Resmim_5-Selahattin-Arslan-100x133.jpeg 100w, https:\/\/bilmat.org\/calisma_grubu\/wp-content\/uploads\/2020\/11\/Resmim_5-Selahattin-Arslan-200x266.jpeg 200w, https:\/\/bilmat.org\/calisma_grubu\/wp-content\/uploads\/2020\/11\/Resmim_5-Selahattin-Arslan-300x399.jpeg 300w, https:\/\/bilmat.org\/calisma_grubu\/wp-content\/uploads\/2020\/11\/Resmim_5-Selahattin-Arslan-350x466.jpeg 350w, https:\/\/bilmat.org\/calisma_grubu\/wp-content\/uploads\/2020\/11\/Resmim_5-Selahattin-Arslan-450x599.jpeg 450w, https:\/\/bilmat.org\/calisma_grubu\/wp-content\/uploads\/2020\/11\/Resmim_5-Selahattin-Arslan-500x666.jpeg 500w, https:\/\/bilmat.org\/calisma_grubu\/wp-content\/uploads\/2020\/11\/Resmim_5-Selahattin-Arslan-550x732.jpeg 550w, https:\/\/bilmat.org\/calisma_grubu\/wp-content\/uploads\/2020\/11\/Resmim_5-Selahattin-Arslan.jpeg 769w\" sizes=\"(max-width: 225px) 100vw, 225px\" \/><\/a><\/div>\n<p>&nbsp;<\/td>\n<td valign=\"top\" bgcolor=\"#FFFFFF\">\n<div align=\"left\">\n<div align=\"left\">\n<div align=\"left\">\n<div align=\"left\">\n<div align=\"left\">\n<div align=\"left\">\n<div align=\"justify\">\n<table style=\"height: 150px;\" width=\"671\">\n<tbody>\n<tr>\n<td width=\"659\">&nbsp;<\/p>\n<p style=\"text-align: justify;\"><span style=\"font-size: 10pt;\">1996 y\u0131l\u0131nda \u0130n\u00f6n\u00fc \u00dcniversitesi, E\u011fitim Fak\u00fcltesi, Matematik \u00d6\u011fretmenli\u011fi program\u0131ndan mezun olan Selahattin ARSLAN, 1 y\u0131l \u00f6\u011fretmen 1 y\u0131l da mezun oldu\u011fu \u00fcniversitede ara\u015ft\u0131rma g\u00f6revlisi olarak \u00e7al\u0131\u015ft\u0131ktan sonra MEB yurtd\u0131\u015f\u0131 Lisans\u00fcst\u00fc E\u011fitim Bursunu kazanarak lisans\u00fcst\u00fc e\u011fitimi i\u00e7in Fransa\u2019ya gitmi\u015ftir. 2000 y\u0131l\u0131nda y\u00fcksek lisans, 2005 y\u0131l\u0131nda da doktora e\u011fitimini tamamlayan Selahattin ARSLAN, 2006 y\u0131l\u0131nda Karadeniz Teknik \u00dcniversitesi, Fatih E\u011fitim Fak\u00fcltesi \u0130lk\u00f6\u011fretim Matematik E\u011fitimi ABD\u2019de Yard\u0131mc\u0131 Do\u00e7ent Doktor olarak g\u00f6rev yapmaya ba\u015flam\u0131\u015f ve 2006-2016 y\u0131llar\u0131 aras\u0131nda da anabilim dal\u0131 ba\u015fkanl\u0131\u011f\u0131 yapm\u0131\u015ft\u0131r. 2011 y\u0131l\u0131nda Do\u00e7ent unvan\u0131n\u0131 alan Selahattin ARSLAN\u2019\u0131n ulusal ve uluslararas\u0131 dergilerde \u00e7ok say\u0131da makalesi, ulusal ve uluslararas\u0131 toplant\u0131larda sunulan bildirileri, kitap edit\u00f6rl\u00fckleri ile kitap b\u00f6l\u00fcm\u00fc yazarl\u0131klar\u0131 ve ayr\u0131ca farkl\u0131 \u00fclkelere Erasmus ve \u00e7al\u0131\u015fma ziyaretleri bulunmaktad\u0131r. Ayr\u0131ca \u00e7ok say\u0131da y\u00fcksek lisans ve doktora tez dan\u0131\u015fmanl\u0131\u011f\u0131 y\u00fcr\u00fcten Dr. ARSLAN\u2019\u0131n uzman ve ara\u015ft\u0131rmac\u0131 olarak g\u00f6rev yapt\u0131\u011f\u0131 Avrupa destekli projeler ve y\u00fcr\u00fct\u00fcc\u00fcl\u00fc\u011f\u00fcn\u00fc \u00fcstelendi\u011fi TUBITAK 1001 ara\u015ft\u0131rma projesi ile ara\u015ft\u0131rmac\u0131 olarak g\u00f6rev ald\u0131\u011f\u0131 2 adet TUBITAK 1001 ara\u015ft\u0131rma projesi bulunmaktad\u0131r. Halen Trabzon \u00dcniversitesi, Fatih E\u011fitim Fak\u00fcltesi, Matematik E\u011fitimi ABD\u2019de Prof. Dr. olarak g\u00f6revine devam eden Selahattin ARSLAN Arap\u00e7a, Frans\u0131zca ve \u0130ngilizce bilmektedir. Selahattin ARSLAN, evli ve 1 \u00e7ocuk babas\u0131d\u0131r.<\/span><\/p>\n<\/td>\n<\/tr>\n<\/tbody>\n<\/table>\n<\/div>\n<\/div>\n<\/div>\n<\/div>\n<\/div>\n<\/div>\n<\/div>\n<\/td>\n<\/tr>\n<tr>\n<td bgcolor=\"#CCCCCC\">\n<div align=\"left\">\u00c7al\u0131\u015fma Alanlar\u0131:<\/div>\n<\/td>\n<td bgcolor=\"#F3F3F3\">Analiz Kavramlar\u0131n \u00d6\u011fretimi, \u00d6\u011fretmen E\u011fitimi, Teknoloji Destekli Matematik \u00d6\u011fretimi<\/td>\n<\/tr>\n<tr>\n<td bgcolor=\"#CCCCCC\">\n<div align=\"left\">\u0130leti\u015fim Bilgileri:<\/div>\n<\/td>\n<td bgcolor=\"#FFFFFF\"><\/td>\n<\/tr>\n<tr>\n<td bgcolor=\"#CCCCCC\">E-posta:<\/td>\n<td bgcolor=\"#F3F3F3\">selaharslan@gmail.com<\/td>\n<\/tr>\n<tr>\n<td bgcolor=\"#CCCCCC\">\n<div align=\"left\">Web Adresi:<\/div>\n<\/td>\n<td bgcolor=\"#FFFFFF\"><\/td>\n<\/tr>\n<\/tbody>\n<\/table>\n<p style=\"text-align: right;\">\n","protected":false},"excerpt":{"rendered":"<p>&nbsp; &nbsp; 1996 y\u0131l\u0131nda \u0130n\u00f6n\u00fc \u00dcniversitesi, E\u011fitim Fak\u00fcltesi, Matematik \u00d6\u011fretmenli\u011fi program\u0131ndan mezun olan Selahattin ARSLAN, 1 y\u0131l \u00f6\u011fretmen 1 y\u0131l da mezun oldu\u011fu \u00fcniversitede ara\u015ft\u0131rma g\u00f6revlisi olarak \u00e7al\u0131\u015ft\u0131ktan sonra MEB yurtd\u0131\u015f\u0131 Lisans\u00fcst\u00fc E\u011fitim Bursunu kazanarak lisans\u00fcst\u00fc e\u011fitimi i\u00e7in Fransa\u2019ya gitmi\u015ftir. 2000 y\u0131l\u0131nda y\u00fcksek lisans, 2005 y\u0131l\u0131nda da doktora e\u011fitimini tamamlayan Selahattin ARSLAN, 2006 y\u0131l\u0131nda Karadeniz [&hellip;]<\/p>\n","protected":false},"author":1,"featured_media":0,"parent":0,"menu_order":0,"comment_status":"closed","ping_status":"closed","template":"","meta":[],"_links":{"self":[{"href":"https:\/\/bilmat.org\/calisma_grubu\/wp-json\/wp\/v2\/pages\/2367"}],"collection":[{"href":"https:\/\/bilmat.org\/calisma_grubu\/wp-json\/wp\/v2\/pages"}],"about":[{"href":"https:\/\/bilmat.org\/calisma_grubu\/wp-json\/wp\/v2\/types\/page"}],"author":[{"embeddable":true,"href":"https:\/\/bilmat.org\/calisma_grubu\/wp-json\/wp\/v2\/users\/1"}],"replies":[{"embeddable":true,"href":"https:\/\/bilmat.org\/calisma_grubu\/wp-json\/wp\/v2\/comments?post=2367"}],"version-history":[{"count":3,"href":"https:\/\/bilmat.org\/calisma_grubu\/wp-json\/wp\/v2\/pages\/2367\/revisions"}],"predecessor-version":[{"id":2515,"href":"https:\/\/bilmat.org\/calisma_grubu\/wp-json\/wp\/v2\/pages\/2367\/revisions\/2515"}],"wp:attachment":[{"href":"https:\/\/bilmat.org\/calisma_grubu\/wp-json\/wp\/v2\/media?parent=2367"}],"curies":[{"name":"wp","href":"https:\/\/api.w.org\/{rel}","templated":true}]}}