{"id":2416,"date":"2021-01-03T21:31:10","date_gmt":"2021-01-03T21:31:10","guid":{"rendered":"http:\/\/bilmat.org\/calisma_grubu\/?page_id=2416"},"modified":"2021-01-03T21:31:10","modified_gmt":"2021-01-03T21:31:10","slug":"ogr-gor-dr-yasemin-turk","status":"publish","type":"page","link":"https:\/\/bilmat.org\/calisma_grubu\/ogr-gor-dr-yasemin-turk\/","title":{"rendered":"\u00d6\u011fr. G\u00f6r. Dr. Yasemin T\u00dcRK"},"content":{"rendered":"<table border=\"0\" width=\"100%\" cellspacing=\"1\" cellpadding=\"1\" align=\"left\" bgcolor=\"#CCCCCC\">\n<tbody>\n<tr>\n<td bgcolor=\"#CCCCCC\" width=\"116\">\n<div style=\"text-align: center;\" align=\"left\">\u00d6\u011fr. G\u00f6r.<\/div>\n<div style=\"text-align: center;\" align=\"left\">Yasemin T\u00dcRK<a href=\"http:\/\/bilmat.org\/calisma_grubu\/wp-content\/uploads\/2020\/11\/Screenshot_20201026_233327_com.android.gallery3d-Yasemin-T\u00fcrk.jpg\"><img loading=\"lazy\" class=\"aligncenter size-medium wp-image-2325\" src=\"http:\/\/bilmat.org\/calisma_grubu\/wp-content\/uploads\/2020\/11\/Screenshot_20201026_233327_com.android.gallery3d-Yasemin-T\u00fcrk-400x499.jpg\" alt=\"Screenshot_20201026_233327_com.android.gallery3d - Yasemin T\u00fcrk\" width=\"240\" height=\"300\" srcset=\"https:\/\/bilmat.org\/calisma_grubu\/wp-content\/uploads\/2020\/11\/Screenshot_20201026_233327_com.android.gallery3d-Yasemin-T\u00fcrk-400x499.jpg 400w, https:\/\/bilmat.org\/calisma_grubu\/wp-content\/uploads\/2020\/11\/Screenshot_20201026_233327_com.android.gallery3d-Yasemin-T\u00fcrk-250x312.jpg 250w, https:\/\/bilmat.org\/calisma_grubu\/wp-content\/uploads\/2020\/11\/Screenshot_20201026_233327_com.android.gallery3d-Yasemin-T\u00fcrk-768x959.jpg 768w, https:\/\/bilmat.org\/calisma_grubu\/wp-content\/uploads\/2020\/11\/Screenshot_20201026_233327_com.android.gallery3d-Yasemin-T\u00fcrk-650x811.jpg 650w, https:\/\/bilmat.org\/calisma_grubu\/wp-content\/uploads\/2020\/11\/Screenshot_20201026_233327_com.android.gallery3d-Yasemin-T\u00fcrk-150x187.jpg 150w, https:\/\/bilmat.org\/calisma_grubu\/wp-content\/uploads\/2020\/11\/Screenshot_20201026_233327_com.android.gallery3d-Yasemin-T\u00fcrk-50x62.jpg 50w, https:\/\/bilmat.org\/calisma_grubu\/wp-content\/uploads\/2020\/11\/Screenshot_20201026_233327_com.android.gallery3d-Yasemin-T\u00fcrk-100x125.jpg 100w, https:\/\/bilmat.org\/calisma_grubu\/wp-content\/uploads\/2020\/11\/Screenshot_20201026_233327_com.android.gallery3d-Yasemin-T\u00fcrk-200x250.jpg 200w, https:\/\/bilmat.org\/calisma_grubu\/wp-content\/uploads\/2020\/11\/Screenshot_20201026_233327_com.android.gallery3d-Yasemin-T\u00fcrk-300x375.jpg 300w, https:\/\/bilmat.org\/calisma_grubu\/wp-content\/uploads\/2020\/11\/Screenshot_20201026_233327_com.android.gallery3d-Yasemin-T\u00fcrk-350x437.jpg 350w, https:\/\/bilmat.org\/calisma_grubu\/wp-content\/uploads\/2020\/11\/Screenshot_20201026_233327_com.android.gallery3d-Yasemin-T\u00fcrk-450x562.jpg 450w, https:\/\/bilmat.org\/calisma_grubu\/wp-content\/uploads\/2020\/11\/Screenshot_20201026_233327_com.android.gallery3d-Yasemin-T\u00fcrk-500x624.jpg 500w, https:\/\/bilmat.org\/calisma_grubu\/wp-content\/uploads\/2020\/11\/Screenshot_20201026_233327_com.android.gallery3d-Yasemin-T\u00fcrk-550x687.jpg 550w, https:\/\/bilmat.org\/calisma_grubu\/wp-content\/uploads\/2020\/11\/Screenshot_20201026_233327_com.android.gallery3d-Yasemin-T\u00fcrk-800x999.jpg 800w, https:\/\/bilmat.org\/calisma_grubu\/wp-content\/uploads\/2020\/11\/Screenshot_20201026_233327_com.android.gallery3d-Yasemin-T\u00fcrk.jpg 1063w\" sizes=\"(max-width: 240px) 100vw, 240px\" \/><\/a><a href=\"http:\/\/bilmat.org\/calisma_grubu\/wp-content\/uploads\/2020\/11\/IMG-20180105-WA0002-Damla-Kutlu.jpg\"><br \/>\n<\/a><\/div>\n<div style=\"text-align: center;\" align=\"left\"><\/div>\n<div style=\"text-align: center;\" align=\"left\"><\/div>\n<div style=\"text-align: center;\" align=\"left\"><\/div>\n<p><img class=\"thumbnail\" src=\"http:\/\/bilmat.org\/calisma_grubu\/wp-content\/uploads\/2019\/10\/50374332344_Neslihan-S\u00d6NMEZ.jpg\" alt=\"\" \/><\/td>\n<td valign=\"top\" bgcolor=\"#FFFFFF\">\n<div align=\"left\">\n<div align=\"left\">\n<div align=\"left\">\n<div align=\"left\">\n<div align=\"left\">\n<div align=\"left\">\n<div align=\"justify\">\n<table style=\"height: 150px;\" width=\"671\">\n<tbody>\n<tr>\n<td width=\"659\">&nbsp;<\/p>\n<p>Yasemin T\u00fcrk 1982&#8217;de Trabzon&#8217;da do\u011fdu. \u0130lkokul \u00f6\u011frenimini Fatih ilkokulunda, orta ve lise \u00f6\u011frenimini Yunus Emre Anadolu Lisesinde tamamlad\u0131. 2005 y\u0131l\u0131nda Karadeniz Teknik \u00dcniversitesi \u0130lk\u00f6\u011fretim B\u00f6l\u00fcm\u00fc S\u0131n\u0131f \u00f6\u011fretmenli\u011fi anabilim dal\u0131ndan mezun oldu. Trabzon \u00dcniversitesi Fatih E\u011fitim Fak\u00fcltesi Temel E\u011fitim b\u00f6l\u00fcm\u00fcnde \u00f6\u011fretim g\u00f6revlisi olarak g\u00f6rev yapmaktad\u0131r. 2010 y\u0131l\u0131nda ilk\u00f6\u011fretim matematik e\u011fitiminde y\u00fcksek lisans e\u011fitimini, 2020 y\u0131l\u0131nda ilk\u00f6\u011fretim matematik e\u011fitiminde doktora e\u011fitimini ba\u015far\u0131yla tamamlad\u0131. Yabanc\u0131 dili ingilizcedir.<\/td>\n<\/tr>\n<\/tbody>\n<\/table>\n<\/div>\n<\/div>\n<\/div>\n<\/div>\n<\/div>\n<\/div>\n<\/div>\n<\/td>\n<\/tr>\n<tr>\n<td bgcolor=\"#CCCCCC\">\n<div align=\"left\">\u00c7al\u0131\u015fma Alanlar\u0131:<\/div>\n<\/td>\n<td bgcolor=\"#F3F3F3\">\u00a0\u00d6\u011fretmen E\u011fitimi, Matematik E\u011fitimi<\/td>\n<\/tr>\n<tr>\n<td bgcolor=\"#CCCCCC\">\n<div align=\"left\">\u0130leti\u015fim Bilgileri:<\/div>\n<\/td>\n<td bgcolor=\"#FFFFFF\"><\/td>\n<\/tr>\n<tr>\n<td bgcolor=\"#CCCCCC\">E-posta:<\/td>\n<td bgcolor=\"#F3F3F3\">sengun_y@hotmail.com.tr<\/td>\n<\/tr>\n<tr>\n<td bgcolor=\"#CCCCCC\">\n<div align=\"left\">Web Adresi:<\/div>\n<\/td>\n<td bgcolor=\"#FFFFFF\"><\/td>\n<\/tr>\n<\/tbody>\n<\/table>\n<p style=\"text-align: right;\">\n","protected":false},"excerpt":{"rendered":"<p>\u00d6\u011fr. G\u00f6r. Yasemin T\u00dcRK &nbsp; Yasemin T\u00fcrk 1982&#8217;de Trabzon&#8217;da do\u011fdu. \u0130lkokul \u00f6\u011frenimini Fatih ilkokulunda, orta ve lise \u00f6\u011frenimini Yunus Emre Anadolu Lisesinde tamamlad\u0131. 2005 y\u0131l\u0131nda Karadeniz Teknik \u00dcniversitesi \u0130lk\u00f6\u011fretim B\u00f6l\u00fcm\u00fc S\u0131n\u0131f \u00f6\u011fretmenli\u011fi anabilim dal\u0131ndan mezun oldu. Trabzon \u00dcniversitesi Fatih E\u011fitim Fak\u00fcltesi Temel E\u011fitim b\u00f6l\u00fcm\u00fcnde \u00f6\u011fretim g\u00f6revlisi olarak g\u00f6rev yapmaktad\u0131r. 2010 y\u0131l\u0131nda ilk\u00f6\u011fretim matematik e\u011fitiminde y\u00fcksek [&hellip;]<\/p>\n","protected":false},"author":1,"featured_media":0,"parent":0,"menu_order":0,"comment_status":"closed","ping_status":"closed","template":"","meta":[],"_links":{"self":[{"href":"https:\/\/bilmat.org\/calisma_grubu\/wp-json\/wp\/v2\/pages\/2416"}],"collection":[{"href":"https:\/\/bilmat.org\/calisma_grubu\/wp-json\/wp\/v2\/pages"}],"about":[{"href":"https:\/\/bilmat.org\/calisma_grubu\/wp-json\/wp\/v2\/types\/page"}],"author":[{"embeddable":true,"href":"https:\/\/bilmat.org\/calisma_grubu\/wp-json\/wp\/v2\/users\/1"}],"replies":[{"embeddable":true,"href":"https:\/\/bilmat.org\/calisma_grubu\/wp-json\/wp\/v2\/comments?post=2416"}],"version-history":[{"count":1,"href":"https:\/\/bilmat.org\/calisma_grubu\/wp-json\/wp\/v2\/pages\/2416\/revisions"}],"predecessor-version":[{"id":2417,"href":"https:\/\/bilmat.org\/calisma_grubu\/wp-json\/wp\/v2\/pages\/2416\/revisions\/2417"}],"wp:attachment":[{"href":"https:\/\/bilmat.org\/calisma_grubu\/wp-json\/wp\/v2\/media?parent=2416"}],"curies":[{"name":"wp","href":"https:\/\/api.w.org\/{rel}","templated":true}]}}