{"id":2437,"date":"2021-01-04T04:46:10","date_gmt":"2021-01-04T04:46:10","guid":{"rendered":"http:\/\/bilmat.org\/calisma_grubu\/?page_id=2437"},"modified":"2021-01-04T04:46:10","modified_gmt":"2021-01-04T04:46:10","slug":"dr-ogr-uyesi-duygu-arabaci","status":"publish","type":"page","link":"https:\/\/bilmat.org\/calisma_grubu\/dr-ogr-uyesi-duygu-arabaci\/","title":{"rendered":"Dr. \u00d6\u011fr. \u00dcyesi Duygu ARABACI"},"content":{"rendered":"<table border=\"0\" width=\"100%\" cellspacing=\"1\" cellpadding=\"1\" align=\"left\" bgcolor=\"#CCCCCC\">\n<tbody>\n<tr>\n<td bgcolor=\"#CCCCCC\" width=\"116\">\n<div style=\"text-align: center;\" align=\"left\">Dr. \u00d6\u011fr. \u00dcyesi Duygu ARABACI<a href=\"http:\/\/bilmat.org\/calisma_grubu\/wp-content\/uploads\/2014\/09\/foto2-Duygu-ARABACI.png\"><img loading=\"lazy\" class=\"aligncenter size-medium wp-image-2434\" src=\"http:\/\/bilmat.org\/calisma_grubu\/wp-content\/uploads\/2014\/09\/foto2-Duygu-ARABACI-400x463.png\" alt=\"foto2 - Duygu ARABACI\" width=\"259\" height=\"300\" srcset=\"https:\/\/bilmat.org\/calisma_grubu\/wp-content\/uploads\/2014\/09\/foto2-Duygu-ARABACI-400x463.png 400w, https:\/\/bilmat.org\/calisma_grubu\/wp-content\/uploads\/2014\/09\/foto2-Duygu-ARABACI-250x289.png 250w, https:\/\/bilmat.org\/calisma_grubu\/wp-content\/uploads\/2014\/09\/foto2-Duygu-ARABACI-150x174.png 150w, https:\/\/bilmat.org\/calisma_grubu\/wp-content\/uploads\/2014\/09\/foto2-Duygu-ARABACI-50x58.png 50w, https:\/\/bilmat.org\/calisma_grubu\/wp-content\/uploads\/2014\/09\/foto2-Duygu-ARABACI-100x116.png 100w, https:\/\/bilmat.org\/calisma_grubu\/wp-content\/uploads\/2014\/09\/foto2-Duygu-ARABACI-200x231.png 200w, https:\/\/bilmat.org\/calisma_grubu\/wp-content\/uploads\/2014\/09\/foto2-Duygu-ARABACI-300x347.png 300w, https:\/\/bilmat.org\/calisma_grubu\/wp-content\/uploads\/2014\/09\/foto2-Duygu-ARABACI-350x405.png 350w, https:\/\/bilmat.org\/calisma_grubu\/wp-content\/uploads\/2014\/09\/foto2-Duygu-ARABACI-450x521.png 450w, https:\/\/bilmat.org\/calisma_grubu\/wp-content\/uploads\/2014\/09\/foto2-Duygu-ARABACI-500x578.png 500w, https:\/\/bilmat.org\/calisma_grubu\/wp-content\/uploads\/2014\/09\/foto2-Duygu-ARABACI-550x636.png 550w, https:\/\/bilmat.org\/calisma_grubu\/wp-content\/uploads\/2014\/09\/foto2-Duygu-ARABACI.png 586w\" sizes=\"(max-width: 259px) 100vw, 259px\" \/><\/a><a href=\"http:\/\/bilmat.org\/calisma_grubu\/wp-content\/uploads\/2020\/11\/IMG-20180105-WA0002-Damla-Kutlu.jpg\"><br \/>\n<\/a><\/div>\n<p><img class=\"thumbnail\" src=\"http:\/\/bilmat.org\/calisma_grubu\/wp-content\/uploads\/2019\/10\/50374332344_Neslihan-S\u00d6NMEZ.jpg\" alt=\"\" \/><\/td>\n<td valign=\"top\" bgcolor=\"#FFFFFF\">\n<div align=\"left\">\n<div align=\"left\">\n<div align=\"left\">\n<div align=\"left\">\n<div align=\"left\">\n<div align=\"left\">\n<div align=\"justify\">\n<table style=\"height: 150px;\" width=\"671\">\n<tbody>\n<tr>\n<td width=\"659\">1987 y\u0131l\u0131nda Samsun\u2019da do\u011fdu. \u0130lk ve orta \u00f6\u011frenimini Samsun\u2019da tamamlad\u0131. 2005 y\u0131l\u0131nda Ondokuz May\u0131s \u00dcniversitesi Amasya E\u011fitim Fak\u00fcltesi \u0130lk\u00f6\u011fretim Matematik \u00d6\u011fretmenli\u011fi\u2019ni kazand\u0131. 2009 y\u0131l\u0131nda mezun olduktan sonra ayn\u0131 y\u0131l Karadeniz Teknik \u00dcniversitesi E\u011fitim Bilimleri Enstit\u00fcs\u00fc \u0130lk\u00f6\u011fretim Matematik E\u011fitimi Anabilim dal\u0131nda b\u00fct\u00fcnle\u015fik doktora e\u011fitimine ba\u015flad\u0131. 2010-2016 y\u0131llar\u0131 aras\u0131nda Karadeniz Teknik \u00dcniversitesi Fatih E\u011fitim Fak\u00fcltesi \u0130lk\u00f6\u011fretim B\u00f6l\u00fcm\u00fc Matematik E\u011fitimi A.B.D.\u2019da ara\u015ft\u0131rma g\u00f6revlisi olarak g\u00f6rev yapt\u0131. 2016 y\u0131l\u0131nda \u201c\u00dcst\u00fcn Yetenekli Tan\u0131s\u0131 Konulmu\u015f Ve Konulmam\u0131\u015f \u00d6\u011frencilerin Matematikte Yarat\u0131c\u0131l\u0131klar\u0131n\u0131n \u0130ncelenmesi: Bir \u00d6zel Durum \u00c7al\u0131\u015fmas\u0131\u201d isimli doktora tesini tamamlad\u0131ktan sonra 2017 y\u0131l\u0131nda \u0130stanbul Medipol \u00dcniversitesi\u2019nde Yrd. Do\u00e7. Dr. olarak g\u00f6reve ba\u015flad\u0131. Burada 1 y\u0131l g\u00f6rev yapt\u0131ktan sonra 2018 y\u0131l\u0131nda D\u00fczce \u00dcniversitesi\u2019ne ge\u00e7erek Dr. \u00d6\u011fr. \u00dcyesi olarak g\u00f6reve ba\u015flad\u0131. Halen D\u00fczce \u00dcniversitesi\u2019nde Dr. \u00d6\u011fr. \u00dcyesi olarak g\u00f6rev yapmaktad\u0131r. Evli ve bir \u00e7ocuk annesidir.<\/td>\n<\/tr>\n<\/tbody>\n<\/table>\n<\/div>\n<\/div>\n<\/div>\n<\/div>\n<\/div>\n<\/div>\n<\/div>\n<\/td>\n<\/tr>\n<tr>\n<td bgcolor=\"#CCCCCC\">\n<div align=\"left\">\u00c7al\u0131\u015fma Alanlar\u0131:<\/div>\n<\/td>\n<td bgcolor=\"#F3F3F3\">Matematikte Yarat\u0131c\u0131l\u0131k, Matematikte \u00dcst\u00fcn Yetenek, Problem \u00c7\u00f6zme, Problem Kurma, \u00d6\u011fretmen E\u011fitimi<\/td>\n<\/tr>\n<tr>\n<td bgcolor=\"#CCCCCC\">\n<div align=\"left\">\u0130leti\u015fim Bilgileri:<\/div>\n<\/td>\n<td bgcolor=\"#FFFFFF\"><\/td>\n<\/tr>\n<tr>\n<td bgcolor=\"#CCCCCC\">E-posta:<\/td>\n<td bgcolor=\"#F3F3F3\">duygu055@gmail.com<\/td>\n<\/tr>\n<tr>\n<td bgcolor=\"#CCCCCC\">\n<div align=\"left\">Web Adresi:<\/div>\n<\/td>\n<td bgcolor=\"#FFFFFF\"><\/td>\n<\/tr>\n<\/tbody>\n<\/table>\n<p style=\"text-align: right;\">\n","protected":false},"excerpt":{"rendered":"<p>Dr. \u00d6\u011fr. \u00dcyesi Duygu ARABACI 1987 y\u0131l\u0131nda Samsun\u2019da do\u011fdu. \u0130lk ve orta \u00f6\u011frenimini Samsun\u2019da tamamlad\u0131. 2005 y\u0131l\u0131nda Ondokuz May\u0131s \u00dcniversitesi Amasya E\u011fitim Fak\u00fcltesi \u0130lk\u00f6\u011fretim Matematik \u00d6\u011fretmenli\u011fi\u2019ni kazand\u0131. 2009 y\u0131l\u0131nda mezun olduktan sonra ayn\u0131 y\u0131l Karadeniz Teknik \u00dcniversitesi E\u011fitim Bilimleri Enstit\u00fcs\u00fc \u0130lk\u00f6\u011fretim Matematik E\u011fitimi Anabilim dal\u0131nda b\u00fct\u00fcnle\u015fik doktora e\u011fitimine ba\u015flad\u0131. 2010-2016 y\u0131llar\u0131 aras\u0131nda Karadeniz Teknik \u00dcniversitesi [&hellip;]<\/p>\n","protected":false},"author":1,"featured_media":0,"parent":0,"menu_order":0,"comment_status":"closed","ping_status":"closed","template":"","meta":[],"_links":{"self":[{"href":"https:\/\/bilmat.org\/calisma_grubu\/wp-json\/wp\/v2\/pages\/2437"}],"collection":[{"href":"https:\/\/bilmat.org\/calisma_grubu\/wp-json\/wp\/v2\/pages"}],"about":[{"href":"https:\/\/bilmat.org\/calisma_grubu\/wp-json\/wp\/v2\/types\/page"}],"author":[{"embeddable":true,"href":"https:\/\/bilmat.org\/calisma_grubu\/wp-json\/wp\/v2\/users\/1"}],"replies":[{"embeddable":true,"href":"https:\/\/bilmat.org\/calisma_grubu\/wp-json\/wp\/v2\/comments?post=2437"}],"version-history":[{"count":1,"href":"https:\/\/bilmat.org\/calisma_grubu\/wp-json\/wp\/v2\/pages\/2437\/revisions"}],"predecessor-version":[{"id":2438,"href":"https:\/\/bilmat.org\/calisma_grubu\/wp-json\/wp\/v2\/pages\/2437\/revisions\/2438"}],"wp:attachment":[{"href":"https:\/\/bilmat.org\/calisma_grubu\/wp-json\/wp\/v2\/media?parent=2437"}],"curies":[{"name":"wp","href":"https:\/\/api.w.org\/{rel}","templated":true}]}}