{"id":934,"date":"2014-09-08T11:20:20","date_gmt":"2014-09-08T11:20:20","guid":{"rendered":"http:\/\/bilmat.org\/calisma_grubu\/?page_id=934"},"modified":"2021-06-15T01:15:03","modified_gmt":"2021-06-15T01:15:03","slug":"prof-dr-yasar-akkan","status":"publish","type":"page","link":"https:\/\/bilmat.org\/calisma_grubu\/prof-dr-yasar-akkan\/","title":{"rendered":"Prof. Dr. Ya\u015far AKKAN"},"content":{"rendered":"<table border=\"0\" width=\"100%\" cellspacing=\"1\" cellpadding=\"1\" align=\"left\" bgcolor=\"#CCCCCC\">\n<tbody>\n<tr>\n<td bgcolor=\"#CCCCCC\" width=\"116\"><img loading=\"lazy\" src=\"http:\/\/www.bilmat.org\/ktubilmat\/kullanici\/46.jpg\" alt=\"\" width=\"120\" height=\"130\" \/><\/td>\n<td valign=\"top\" bgcolor=\"#FFFFFF\">\n<div align=\"left\">\n<div align=\"left\">\n<div align=\"left\">\n<div align=\"left\">\n<div align=\"left\">\n<div align=\"left\"><\/div>\n<div align=\"justify\">10.07.1977 y\u0131l\u0131nda Trabzon\u2019un Vakf\u0131kebir il\u00e7esinde do\u011fdu. \u0130lk\u00f6\u011frenimini Kerem K\u00f6y \u0130lkokulunda, orta\u00f6\u011frenimini \u00c7ar\u015f\u0131ba\u015f\u0131 Lisesi&#8217;nde tamamlad\u0131. 1995 y\u0131l\u0131nda girdi\u011fi Y\u00fcz\u00fcnc\u00fc Y\u0131l \u00dcniversitesi Fen Edebiyat Fak\u00fcltesi Matematik B\u00f6l\u00fcm\u00fcnden, 1999 y\u0131l\u0131nda Fen Fak\u00fcltesi ve Matematik B\u00f6l\u00fcm\u00fc birincilikleriyle mezun oldu. Eyl\u00fcl 1999\u2019da Fen Bilimleri Enstit\u00fcs\u00fc Matematik Anabilim Dal\u0131nda y\u00fcksek lisans e\u011fitimine ba\u015flad\u0131. Ekim 1999\u2019de Van ili merkezindeki Mustafa Necati Bey \u0130lk\u00f6\u011fretim Okuluna \u00f6\u011fretmen olarak atand\u0131. 2001 y\u0131l\u0131nda \u201cSinguler Perturbe Olmu\u015f \u0130kinci Dereceden Diferansiyel Fark Denklemleri \u0130\u00e7in S\u0131n\u0131r-De\u011fer Problemlerinin \u00c7\u00f6z\u00fcmlerinin Baz\u0131 \u00d6zellikleri\u201d adl\u0131 y\u00fcksek lisans teziyle, y\u00fcksek lisans e\u011fitimini tamamlad\u0131. 2002 y\u0131l\u0131nda Kafkas \u00dcniversitesi \u0130lk\u00f6\u011fretim Matematik B\u00f6l\u00fcm\u00fcne Ar\u015f. G\u00f6r. olarak atand\u0131. 2003-2004 y\u0131llar\u0131 aras\u0131nda KT\u00dc Yabanc\u0131 Diller B\u00f6l\u00fcm\u00fcnde bir y\u0131l s\u00fcreyle \u0130ngilizce haz\u0131rl\u0131k okudu. 2004 y\u0131l\u0131nda KT\u00dc Fatih E\u011fitim Fak\u00fcltesi \u0130lk\u00f6\u011fretim Matematik Anabilim Dal\u0131nda Doktora E\u011fitimine ba\u015flad\u0131. 2009 y\u0131l\u0131nda Matematik E\u011fitimi alan\u0131nda doktoras\u0131n\u0131 tamamlad\u0131. 2009-2011 y\u0131llar\u0131 aras\u0131nda Kafkas \u00dcniversitesinde Ar\u015f. G\u00f6r. Dr. olarak \u00e7al\u0131\u015ft\u0131. Mart 2011 tarihinde Kafkas \u00dcniversitesi E\u011fitimi Fak\u00fcltesinde Yrd. Do\u00e7. Dr. olarak atand\u0131. Haziran 2011 de bu g\u00f6revinden istifa ederek G\u00fcm\u00fc\u015fhane \u00dcniversitesi Matematik M\u00fchendisli\u011fine Yrd. Do\u00e7. Dr. olarak g\u00f6reve ba\u015flad\u0131. \u015eubat 2012 de G\u00fcm\u00fc\u015fhane \u00dcniversitesi M\u00fchendislik Fak\u00fcltesine Dekan Yrd. olarak atand\u0131. Ekim 2013 tarihinde Do\u00e7entlik unvan\u0131n\u0131 ald\u0131.<\/div>\n<\/div>\n<\/div>\n<\/div>\n<\/div>\n<\/div>\n<\/td>\n<\/tr>\n<tr>\n<td bgcolor=\"#CCCCCC\">\n<div align=\"left\">\u00c7al\u0131\u015fma Alanlar\u0131:<\/div>\n<\/td>\n<td bgcolor=\"#F3F3F3\">Matematik E\u011fitimi<\/td>\n<\/tr>\n<tr>\n<td bgcolor=\"#CCCCCC\">\n<div align=\"left\">\u0130leti\u015fim Bilgileri:<\/div>\n<\/td>\n<td bgcolor=\"#FFFFFF\"><\/td>\n<\/tr>\n<tr>\n<td bgcolor=\"#CCCCCC\">E-posta:<\/td>\n<td bgcolor=\"#F3F3F3\"><a href=\"mailto:akkanyasar61@hotmail.com\">akkanyasar61@hotmail.com<\/a><\/td>\n<\/tr>\n<tr>\n<td bgcolor=\"#CCCCCC\">\n<div align=\"left\">Web Adresi:<\/div>\n<\/td>\n<td bgcolor=\"#FFFFFF\"><\/td>\n<\/tr>\n<\/tbody>\n<\/table>\n<p style=\"text-align: right;\">\n","protected":false},"excerpt":{"rendered":"<p>10.07.1977 y\u0131l\u0131nda Trabzon\u2019un Vakf\u0131kebir il\u00e7esinde do\u011fdu. \u0130lk\u00f6\u011frenimini Kerem K\u00f6y \u0130lkokulunda, orta\u00f6\u011frenimini \u00c7ar\u015f\u0131ba\u015f\u0131 Lisesi&#8217;nde tamamlad\u0131. 1995 y\u0131l\u0131nda girdi\u011fi Y\u00fcz\u00fcnc\u00fc Y\u0131l \u00dcniversitesi Fen Edebiyat Fak\u00fcltesi Matematik B\u00f6l\u00fcm\u00fcnden, 1999 y\u0131l\u0131nda Fen Fak\u00fcltesi ve Matematik B\u00f6l\u00fcm\u00fc birincilikleriyle mezun oldu. Eyl\u00fcl 1999\u2019da Fen Bilimleri Enstit\u00fcs\u00fc Matematik Anabilim Dal\u0131nda y\u00fcksek lisans e\u011fitimine ba\u015flad\u0131. Ekim 1999\u2019de Van ili merkezindeki Mustafa Necati Bey [&hellip;]<\/p>\n","protected":false},"author":1,"featured_media":0,"parent":0,"menu_order":0,"comment_status":"closed","ping_status":"closed","template":"","meta":[],"_links":{"self":[{"href":"https:\/\/bilmat.org\/calisma_grubu\/wp-json\/wp\/v2\/pages\/934"}],"collection":[{"href":"https:\/\/bilmat.org\/calisma_grubu\/wp-json\/wp\/v2\/pages"}],"about":[{"href":"https:\/\/bilmat.org\/calisma_grubu\/wp-json\/wp\/v2\/types\/page"}],"author":[{"embeddable":true,"href":"https:\/\/bilmat.org\/calisma_grubu\/wp-json\/wp\/v2\/users\/1"}],"replies":[{"embeddable":true,"href":"https:\/\/bilmat.org\/calisma_grubu\/wp-json\/wp\/v2\/comments?post=934"}],"version-history":[{"count":8,"href":"https:\/\/bilmat.org\/calisma_grubu\/wp-json\/wp\/v2\/pages\/934\/revisions"}],"predecessor-version":[{"id":2509,"href":"https:\/\/bilmat.org\/calisma_grubu\/wp-json\/wp\/v2\/pages\/934\/revisions\/2509"}],"wp:attachment":[{"href":"https:\/\/bilmat.org\/calisma_grubu\/wp-json\/wp\/v2\/media?parent=934"}],"curies":[{"name":"wp","href":"https:\/\/api.w.org\/{rel}","templated":true}]}}