{"id":938,"date":"2014-09-08T11:23:20","date_gmt":"2014-09-08T11:23:20","guid":{"rendered":"http:\/\/bilmat.org\/calisma_grubu\/?page_id=938"},"modified":"2021-06-15T01:15:49","modified_gmt":"2021-06-15T01:15:49","slug":"prof-dr-ramazan-gurbuz","status":"publish","type":"page","link":"https:\/\/bilmat.org\/calisma_grubu\/prof-dr-ramazan-gurbuz\/","title":{"rendered":"Prof. Dr. Ramazan G\u00dcRB\u00dcZ"},"content":{"rendered":"<table border=\"0\" width=\"100%\" cellspacing=\"1\" cellpadding=\"1\" align=\"left\" bgcolor=\"#CCCCCC\">\n<tbody>\n<tr>\n<td bgcolor=\"#CCCCCC\" width=\"116\">\n<div style=\"text-align: left;\" align=\"left\"><a href=\"http:\/\/bilmat.org\/calisma_grubu\/wp-content\/uploads\/2021\/06\/ramazangurbuz.jpg\"><img loading=\"lazy\" class=\"aligncenter wp-image-2505 size-medium\" src=\"http:\/\/bilmat.org\/calisma_grubu\/wp-content\/uploads\/2021\/06\/ramazangurbuz-400x533.jpg\" alt=\"\" width=\"225\" height=\"300\" srcset=\"https:\/\/bilmat.org\/calisma_grubu\/wp-content\/uploads\/2021\/06\/ramazangurbuz-400x533.jpg 400w, https:\/\/bilmat.org\/calisma_grubu\/wp-content\/uploads\/2021\/06\/ramazangurbuz-650x867.jpg 650w, https:\/\/bilmat.org\/calisma_grubu\/wp-content\/uploads\/2021\/06\/ramazangurbuz-250x333.jpg 250w, https:\/\/bilmat.org\/calisma_grubu\/wp-content\/uploads\/2021\/06\/ramazangurbuz-768x1024.jpg 768w, https:\/\/bilmat.org\/calisma_grubu\/wp-content\/uploads\/2021\/06\/ramazangurbuz-150x200.jpg 150w, https:\/\/bilmat.org\/calisma_grubu\/wp-content\/uploads\/2021\/06\/ramazangurbuz-50x67.jpg 50w, https:\/\/bilmat.org\/calisma_grubu\/wp-content\/uploads\/2021\/06\/ramazangurbuz-100x133.jpg 100w, https:\/\/bilmat.org\/calisma_grubu\/wp-content\/uploads\/2021\/06\/ramazangurbuz-200x267.jpg 200w, https:\/\/bilmat.org\/calisma_grubu\/wp-content\/uploads\/2021\/06\/ramazangurbuz-300x400.jpg 300w, https:\/\/bilmat.org\/calisma_grubu\/wp-content\/uploads\/2021\/06\/ramazangurbuz-350x467.jpg 350w, https:\/\/bilmat.org\/calisma_grubu\/wp-content\/uploads\/2021\/06\/ramazangurbuz-450x600.jpg 450w, https:\/\/bilmat.org\/calisma_grubu\/wp-content\/uploads\/2021\/06\/ramazangurbuz-500x667.jpg 500w, https:\/\/bilmat.org\/calisma_grubu\/wp-content\/uploads\/2021\/06\/ramazangurbuz-550x733.jpg 550w, https:\/\/bilmat.org\/calisma_grubu\/wp-content\/uploads\/2021\/06\/ramazangurbuz-800x1067.jpg 800w, https:\/\/bilmat.org\/calisma_grubu\/wp-content\/uploads\/2021\/06\/ramazangurbuz.jpg 960w\" sizes=\"(max-width: 225px) 100vw, 225px\" \/><\/a><\/div>\n<div style=\"text-align: left;\" align=\"left\"><\/div>\n<div style=\"text-align: left;\" align=\"left\"><\/div>\n<div style=\"text-align: left;\" align=\"left\"><\/div>\n<div style=\"text-align: left;\" align=\"left\"><\/div>\n<div style=\"text-align: left;\" align=\"left\"><\/div>\n<div style=\"text-align: left;\" align=\"left\"><\/div>\n<div style=\"text-align: left;\" align=\"left\"><\/div>\n<div style=\"text-align: left;\" align=\"left\"><\/div>\n<\/td>\n<td valign=\"top\" bgcolor=\"#FFFFFF\">\n<div align=\"left\">\n<div align=\"left\">\n<div align=\"left\">\n<div align=\"left\">\n<div align=\"left\"><\/div>\n<div align=\"left\">1973 y\u0131l\u0131nda Ad\u0131yaman\u2019da d\u00fcnyaya geldi. \u0130lkokulu, ortaokulu ve liseyi Ad\u0131yaman merkezde tamamlad\u0131. 1997 y\u0131l\u0131nda Van Y\u00fcz\u00fcnc\u00fc Y\u0131l \u00dcniversitesi E\u011fitim Fak\u00fcltesi Matematik \u00d6\u011fretmenli\u011fi lisans program\u0131n\u0131, 2000 y\u0131l\u0131nda ayn\u0131 \u00fcniversitenin Fen Bilimleri Enstit\u00fcs\u00fcnde matematik e\u011fitimi alan\u0131nda y\u00fcksek lisans e\u011fitimini, 2008 y\u0131l\u0131nda ise Karadeniz Teknik \u00dcniversitesi Fen Bilimleri Enstit\u00fcs\u00fcnde doktora e\u011fitimini tamamlad\u0131. 1997-1999 y\u0131llar\u0131nda Van Y\u00fcz\u00fcnc\u00fc Y\u0131l \u00dcniversitesinde, 1999-2002 y\u0131llar\u0131nda Gaziantep \u00dcniversitesinde, 2002-2008 y\u0131llar\u0131nda Karadeniz Teknik \u00dcniversitesinde ara\u015ft\u0131rma g\u00f6revlisi olarak, 2008-2011 y\u0131llar\u0131 aras\u0131nda Ad\u0131yaman \u00dcniversitesinde yard\u0131mc\u0131 do\u00e7ent olarak g\u00f6rev yapt\u0131. 2011 y\u0131l\u0131nda matematik e\u011fitimi alan\u0131nda do\u00e7ent unvan\u0131n\u0131 ald\u0131 ve 2016 y\u0131l\u0131nda matematik e\u011fitimi alan\u0131nda profes\u00f6r oldu.<\/div>\n<div align=\"justify\">\n<p>Akademik ya\u015fam\u0131nda y\u00fcksek lisans ve doktora tezleri y\u00f6netti ve Ad\u0131yaman \u00dcniversitesi Bilimsel Ara\u015ft\u0131rma Projeleri Birimi destekli (ADY\u00dcBAP) tamamlanm\u0131\u015f be\u015f, TUB\u0130TAK taraf\u0131ndan ise desteklenen be\u015f projede y\u00fcr\u00fct\u00fcc\u00fc, bilim kurulu \u00fcyeli\u011fi, ara\u015ft\u0131rmac\u0131 ve e\u011fitmen olarak yer ald\u0131.<br \/>\n2008 Y\u0131l\u0131ndan itibaren \u00f6\u011fretim \u00fcyesi olarak g\u00f6rev yapt\u0131\u011f\u0131 Ad\u0131yaman \u00dcniversitesi\u2019nde; \u0130lk\u00f6\u011fretim Matematik \u00d6\u011fretmenli\u011fi Anabilim Dal\u0131 Ba\u015fkanl\u0131\u011f\u0131-2008-2019, Ad\u0131yaman \u00dcniversitesi Fen Bilimleri Enstit\u00fcs\u00fc M\u00fcd\u00fcrl\u00fc\u011f\u00fc-2014-2017, Ad\u0131yaman \u00dcniversitesi Senato \u00dcyesi-2013-2019, Ad\u0131yaman \u00dcniversitesi S\u00fcrekli E\u011fitim Merkezi M\u00fcd\u00fcrl\u00fc\u011f\u00fc-2011-2012, Ad\u0131yaman \u00dcniversitesi Sa\u011fl\u0131k Hizmetleri Meslek Y\u00fcksekokulu M\u00fcd\u00fcrl\u00fc\u011f\u00fc-2013-2014, Ad\u0131yaman \u00dcniversitesi Mimarl\u0131k Fak\u00fcltesi Dekan Vekilli\u011fi-2016-2018 ve de\u011fi\u015fik akademik birimlerin y\u00f6netim ve fak\u00fclte kurullar\u0131 gibi pek \u00e7ok akademik ve idari g\u00f6revlerde bulundu.<br \/>\n2012 y\u0131l\u0131nda alt\u0131 ay s\u00fcre ile (Temmuz-Aral\u0131k) Amerika Birle\u015fik Devletleri\u2019nde (College of Education, Wayne State University, USA) misafir \u00f6\u011fretim \u00fcyesi olarak bulundu. Ulusal ve uluslararas\u0131 d\u00fczeyde y\u00fcz\u00fcn \u00fczerinde bilimsel \u00e7al\u0131\u015fmas\u0131 ve bilimsel \u00e7al\u0131\u015fmalar\u0131na ulusal ve uluslararas\u0131 d\u00fczeyde bin d\u00f6rty\u00fcz\u2019\u00fcn \u00fczerinde at\u0131f bulunmaktad\u0131r. 11 adet TUB\u0130TAK yay\u0131n te\u015fvik \u00f6d\u00fcl\u00fc ve Karadeniz Teknik \u00dcniversitesi ile Ad\u0131yaman \u00dcniversitesinden yay\u0131n te\u015fvik \u00f6d\u00fclleri alm\u0131\u015ft\u0131r.<\/p>\n<\/div>\n<\/div>\n<\/div>\n<\/div>\n<\/div>\n<\/td>\n<\/tr>\n<tr>\n<td bgcolor=\"#CCCCCC\">\n<div align=\"left\">\u00c7al\u0131\u015fma Alanlar\u0131:<\/div>\n<\/td>\n<td bgcolor=\"#F3F3F3\">Bilgisayar Destekli Matematik \u00d6\u011fretimi, Disiplinleraras\u0131 Matematiksel Modelleme, Matematik Kimli\u011fi, Olas\u0131l\u0131k<\/td>\n<\/tr>\n<tr>\n<td bgcolor=\"#CCCCCC\">\n<div align=\"left\">\u0130leti\u015fim Bilgileri:<\/div>\n<\/td>\n<td bgcolor=\"#FFFFFF\"><\/td>\n<\/tr>\n<tr>\n<td bgcolor=\"#CCCCCC\">E-posta:<\/td>\n<td bgcolor=\"#F3F3F3\"><a href=\"mailto:rgurbuz@outlook.com\">rgurbuz@outlook.com<\/a><\/td>\n<\/tr>\n<tr>\n<td bgcolor=\"#CCCCCC\">\n<div align=\"left\">Web Adresi:<\/div>\n<\/td>\n<td bgcolor=\"#FFFFFF\"><a href=\"http:\/\/abys.adiyaman.edu.tr\/akademisyen\/ramazan-gurbuz\/\" target=\"_blank\" rel=\"noopener\">\u00a0http:\/\/abys.adiyaman.edu.tr\/akademisyen\/ramazan-gurbuz\/\u00a0<\/a><\/td>\n<\/tr>\n<\/tbody>\n<\/table>\n<p style=\"text-align: right;\">\n","protected":false},"excerpt":{"rendered":"<p>1973 y\u0131l\u0131nda Ad\u0131yaman\u2019da d\u00fcnyaya geldi. \u0130lkokulu, ortaokulu ve liseyi Ad\u0131yaman merkezde tamamlad\u0131. 1997 y\u0131l\u0131nda Van Y\u00fcz\u00fcnc\u00fc Y\u0131l \u00dcniversitesi E\u011fitim Fak\u00fcltesi Matematik \u00d6\u011fretmenli\u011fi lisans program\u0131n\u0131, 2000 y\u0131l\u0131nda ayn\u0131 \u00fcniversitenin Fen Bilimleri Enstit\u00fcs\u00fcnde matematik e\u011fitimi alan\u0131nda y\u00fcksek lisans e\u011fitimini, 2008 y\u0131l\u0131nda ise Karadeniz Teknik \u00dcniversitesi Fen Bilimleri Enstit\u00fcs\u00fcnde doktora e\u011fitimini tamamlad\u0131. 1997-1999 y\u0131llar\u0131nda Van Y\u00fcz\u00fcnc\u00fc Y\u0131l \u00dcniversitesinde, [&hellip;]<\/p>\n","protected":false},"author":1,"featured_media":0,"parent":0,"menu_order":0,"comment_status":"closed","ping_status":"closed","template":"","meta":[],"_links":{"self":[{"href":"https:\/\/bilmat.org\/calisma_grubu\/wp-json\/wp\/v2\/pages\/938"}],"collection":[{"href":"https:\/\/bilmat.org\/calisma_grubu\/wp-json\/wp\/v2\/pages"}],"about":[{"href":"https:\/\/bilmat.org\/calisma_grubu\/wp-json\/wp\/v2\/types\/page"}],"author":[{"embeddable":true,"href":"https:\/\/bilmat.org\/calisma_grubu\/wp-json\/wp\/v2\/users\/1"}],"replies":[{"embeddable":true,"href":"https:\/\/bilmat.org\/calisma_grubu\/wp-json\/wp\/v2\/comments?post=938"}],"version-history":[{"count":9,"href":"https:\/\/bilmat.org\/calisma_grubu\/wp-json\/wp\/v2\/pages\/938\/revisions"}],"predecessor-version":[{"id":2511,"href":"https:\/\/bilmat.org\/calisma_grubu\/wp-json\/wp\/v2\/pages\/938\/revisions\/2511"}],"wp:attachment":[{"href":"https:\/\/bilmat.org\/calisma_grubu\/wp-json\/wp\/v2\/media?parent=938"}],"curies":[{"name":"wp","href":"https:\/\/api.w.org\/{rel}","templated":true}]}}