{"id":991,"date":"2014-09-08T12:40:28","date_gmt":"2014-09-08T12:40:28","guid":{"rendered":"http:\/\/bilmat.org\/calisma_grubu\/?page_id=991"},"modified":"2020-03-04T02:22:45","modified_gmt":"2020-03-04T02:22:45","slug":"dr-ogr-uyesi-cemalettin-yildiz","status":"publish","type":"page","link":"https:\/\/bilmat.org\/calisma_grubu\/dr-ogr-uyesi-cemalettin-yildiz\/","title":{"rendered":"Dr. \u00d6\u011fr. \u00dcyesi Cemalettin YILDIZ"},"content":{"rendered":"<table style=\"height: 400px;\" border=\"0\" width=\"784\" cellspacing=\"1\" cellpadding=\"1\" align=\"left\" bgcolor=\"#CCCCCC\">\n<tbody>\n<tr>\n<td bgcolor=\"#CCCCCC\" width=\"116\">\n<div style=\"text-align: left;\" align=\"left\">Dr. \u00d6\u011fr. \u00dcyesi<\/div>\n<div style=\"text-align: left;\" align=\"left\">Cemalettin YILDIZ<\/div>\n<p><img loading=\"lazy\" src=\"http:\/\/www.bilmat.org\/ktubilmat\/kullanici\/55.jpg\" alt=\"\" width=\"120\" height=\"130\" \/><\/td>\n<td valign=\"top\" bgcolor=\"#FFFFFF\">\n<div align=\"left\">\n<div align=\"left\">\n<div align=\"left\">\n<div align=\"left\">\n<div align=\"left\">\n<div align=\"left\">\n<div align=\"left\"><a href=\"http:\/\/www.bilmat.org\/ktubilmat\/yayh.php?ids=26\" target=\"_blank\">Yay\u0131nlar<\/a><\/div>\n<div align=\"justify\">1983 y\u0131l\u0131nda Trabzon\u2019da do\u011fdu. \u0130lk, orta, lise ve \u00fcniversite \u00f6\u011frenimlerini bu \u015fehirde tamamlad\u0131. 2001 y\u0131l\u0131nda girdi\u011fi KT\u00dc Fatih E\u011fitim Fak\u00fcltesi Matematik \u00d6\u011fretmenli\u011fi program\u0131n\u0131 2005 y\u0131l\u0131nda bitirdi. Ayn\u0131 y\u0131l Of Serince \u0130lk\u00f6\u011fretim Okulu\u2019 nda matematik \u00f6\u011fretmeni olarak \u00e7al\u0131\u015fmaya ba\u015flad\u0131. Bu okulda \u00fc\u00e7 y\u0131l g\u00f6rev yapt\u0131. 2007 y\u0131l\u0131nda matematik e\u011fitiminde doktora program\u0131na ba\u015flad\u0131. 2008 y\u0131l\u0131nda ise KT\u00dc Fatih E\u011fitim Fak\u00fcltesinde ara\u015ft\u0131rma g\u00f6revlisi olarak \u00e7al\u0131\u015fmaya ba\u015flad\u0131. 2013 y\u0131l\u0131nda doktoras\u0131n\u0131 tamamlayarak Doktor \u00fcnvan\u0131 ald\u0131. 2014 y\u0131l\u0131nda Giresun \u00dcniversitesi \u0130lk\u00f6\u011fretim ABD&#8217;ye \u00f6\u011fretim \u00fcyesi olarak atand\u0131.<\/div>\n<\/div>\n<\/div>\n<\/div>\n<\/div>\n<\/div>\n<\/div>\n<\/td>\n<\/tr>\n<tr>\n<td bgcolor=\"#CCCCCC\">\n<div align=\"left\">\u00c7al\u0131\u015fma Alanlar\u0131:<\/div>\n<\/td>\n<td bgcolor=\"#F3F3F3\">Matematik Tarihi<\/td>\n<\/tr>\n<tr>\n<td bgcolor=\"#CCCCCC\">\n<div align=\"left\">\u0130leti\u015fim Bilgileri:<\/div>\n<\/td>\n<td bgcolor=\"#FFFFFF\"><\/td>\n<\/tr>\n<tr>\n<td bgcolor=\"#CCCCCC\">E-posta:<\/td>\n<td bgcolor=\"#F3F3F3\"><a href=\"mailto:cemalyildiz61@hotmail.com\">cemalyildiz61@hotmail.com<\/a><\/td>\n<\/tr>\n<tr>\n<td bgcolor=\"#CCCCCC\">\n<div align=\"left\">Web Adresi:<\/div>\n<\/td>\n<td bgcolor=\"#FFFFFF\"><\/td>\n<\/tr>\n<\/tbody>\n<\/table>\n<p style=\"text-align: right;\">\n","protected":false},"excerpt":{"rendered":"<p>Dr. \u00d6\u011fr. \u00dcyesi Cemalettin YILDIZ Yay\u0131nlar 1983 y\u0131l\u0131nda Trabzon\u2019da do\u011fdu. \u0130lk, orta, lise ve \u00fcniversite \u00f6\u011frenimlerini bu \u015fehirde tamamlad\u0131. 2001 y\u0131l\u0131nda girdi\u011fi KT\u00dc Fatih E\u011fitim Fak\u00fcltesi Matematik \u00d6\u011fretmenli\u011fi program\u0131n\u0131 2005 y\u0131l\u0131nda bitirdi. Ayn\u0131 y\u0131l Of Serince \u0130lk\u00f6\u011fretim Okulu\u2019 nda matematik \u00f6\u011fretmeni olarak \u00e7al\u0131\u015fmaya ba\u015flad\u0131. Bu okulda \u00fc\u00e7 y\u0131l g\u00f6rev yapt\u0131. 2007 y\u0131l\u0131nda matematik e\u011fitiminde doktora [&hellip;]<\/p>\n","protected":false},"author":1,"featured_media":0,"parent":0,"menu_order":0,"comment_status":"closed","ping_status":"closed","template":"","meta":[],"_links":{"self":[{"href":"https:\/\/bilmat.org\/calisma_grubu\/wp-json\/wp\/v2\/pages\/991"}],"collection":[{"href":"https:\/\/bilmat.org\/calisma_grubu\/wp-json\/wp\/v2\/pages"}],"about":[{"href":"https:\/\/bilmat.org\/calisma_grubu\/wp-json\/wp\/v2\/types\/page"}],"author":[{"embeddable":true,"href":"https:\/\/bilmat.org\/calisma_grubu\/wp-json\/wp\/v2\/users\/1"}],"replies":[{"embeddable":true,"href":"https:\/\/bilmat.org\/calisma_grubu\/wp-json\/wp\/v2\/comments?post=991"}],"version-history":[{"count":4,"href":"https:\/\/bilmat.org\/calisma_grubu\/wp-json\/wp\/v2\/pages\/991\/revisions"}],"predecessor-version":[{"id":2054,"href":"https:\/\/bilmat.org\/calisma_grubu\/wp-json\/wp\/v2\/pages\/991\/revisions\/2054"}],"wp:attachment":[{"href":"https:\/\/bilmat.org\/calisma_grubu\/wp-json\/wp\/v2\/media?parent=991"}],"curies":[{"name":"wp","href":"https:\/\/api.w.org\/{rel}","templated":true}]}}