{"id":997,"date":"2014-09-08T12:48:50","date_gmt":"2014-09-08T12:48:50","guid":{"rendered":"http:\/\/bilmat.org\/calisma_grubu\/?page_id=997"},"modified":"2020-11-23T18:42:16","modified_gmt":"2020-11-23T18:42:16","slug":"doc-dr-serdal-baltaci","status":"publish","type":"page","link":"https:\/\/bilmat.org\/calisma_grubu\/doc-dr-serdal-baltaci\/","title":{"rendered":"Do\u00e7. Dr. Serdal BALTACI"},"content":{"rendered":"<table border=\"0\" width=\"100%\" cellspacing=\"1\" cellpadding=\"1\" align=\"left\" bgcolor=\"#CCCCCC\">\n<tbody>\n<tr>\n<td bgcolor=\"#CCCCCC\" width=\"116\">\n<div style=\"text-align: left;\" align=\"left\">\n<a href=\"http:\/\/bilmat.org\/calisma_grubu\/wp-content\/uploads\/2020\/11\/WhatsApp-Image-2020-10-26-at-14.29.53-Serdal-baltac\u0131.jpeg\"><img loading=\"lazy\" class=\"aligncenter size-full wp-image-2304\" src=\"http:\/\/bilmat.org\/calisma_grubu\/wp-content\/uploads\/2020\/11\/WhatsApp-Image-2020-10-26-at-14.29.53-Serdal-baltac\u0131.jpeg\" alt=\"WhatsApp Image 2020-10-26 at 14.29.53 - Serdal baltac\u0131\" width=\"336\" height=\"448\" srcset=\"https:\/\/bilmat.org\/calisma_grubu\/wp-content\/uploads\/2020\/11\/WhatsApp-Image-2020-10-26-at-14.29.53-Serdal-baltac\u0131.jpeg 336w, https:\/\/bilmat.org\/calisma_grubu\/wp-content\/uploads\/2020\/11\/WhatsApp-Image-2020-10-26-at-14.29.53-Serdal-baltac\u0131-250x333.jpeg 250w, https:\/\/bilmat.org\/calisma_grubu\/wp-content\/uploads\/2020\/11\/WhatsApp-Image-2020-10-26-at-14.29.53-Serdal-baltac\u0131-150x200.jpeg 150w, https:\/\/bilmat.org\/calisma_grubu\/wp-content\/uploads\/2020\/11\/WhatsApp-Image-2020-10-26-at-14.29.53-Serdal-baltac\u0131-50x67.jpeg 50w, https:\/\/bilmat.org\/calisma_grubu\/wp-content\/uploads\/2020\/11\/WhatsApp-Image-2020-10-26-at-14.29.53-Serdal-baltac\u0131-100x133.jpeg 100w, https:\/\/bilmat.org\/calisma_grubu\/wp-content\/uploads\/2020\/11\/WhatsApp-Image-2020-10-26-at-14.29.53-Serdal-baltac\u0131-200x267.jpeg 200w, https:\/\/bilmat.org\/calisma_grubu\/wp-content\/uploads\/2020\/11\/WhatsApp-Image-2020-10-26-at-14.29.53-Serdal-baltac\u0131-300x400.jpeg 300w\" sizes=\"(max-width: 336px) 100vw, 336px\" \/><\/a><\/div>\n<p>&nbsp;<\/td>\n<td valign=\"top\" bgcolor=\"#FFFFFF\">\n<div align=\"left\">\n<div align=\"left\">\n<div align=\"left\">\n<div align=\"left\">\n<div align=\"left\">\n<div align=\"left\">\n<div align=\"left\">\n<p style=\"text-align: justify;\">1981 y\u0131l\u0131nda Nev\u015fehir\u2019in Hac\u0131bekta\u015f il\u00e7esinde do\u011fdu. \u0130lk, orta ve lise \u00f6\u011frenimini K\u0131r\u015fehir\u2019in Mucur il\u00e7esinde, 1991 y\u0131l\u0131nda R\u0131za Dikmen ilk\u00f6\u011fretim Okulunda, 1994 y\u0131l\u0131nda H\u00fcrriyet ilk\u00f6\u011fretim Okulunda ve 1997 y\u0131l\u0131nda Mucur Lisesinde tamamlad\u0131. 2003 y\u0131l\u0131nda Atat\u00fcrk \u00dcniversitesi KKEF Fak\u00fcltesinde Orta\u00f6\u011fretim Matematik \u00d6\u011fretmenli\u011fi B\u00f6l\u00fcm\u00fcn\u00fc bitirerek 2 y\u0131l Erzurum, 2 y\u0131l Kayseri\u2019de \u00f6zel dershanelerde Matematik \u00d6\u011fretmenli\u011fi yapt\u0131. 2007 y\u0131l\u0131nda K\u0131r\u015fehir Ahi Evran \u00dcniversitesine \u00d6\u011fretim G\u00f6revlisi olarak atand\u0131. 2009 y\u0131l\u0131nda KT\u00dc Fatih E\u011fitim Fak\u00fcltesinde \u0130lk\u00f6\u011fretim Matematik E\u011fitimi Alan\u0131nda doktora yapmaya hak kazand\u0131. 2014 y\u0131l\u0131nda doktora program\u0131n\u0131 Prof. Dr. Adnan BAK\u0130 dan\u0131\u015fmanl\u0131\u011f\u0131nda tamamlayarak Doktor \u00fcnvan\u0131 ald\u0131. 2015-2018 y\u0131llar\u0131 aras\u0131nda Yrd. Do\u00e7. olarak \u00e7al\u0131\u015ft\u0131. 2018 y\u0131l\u0131nda do\u00e7ent \u00fcnvan\u0131n\u0131 ald\u0131. Halen K\u0131r\u015fehir Ahi Evran \u00dcniversitesinde g\u00f6rev yapmaktad\u0131r.<\/p>\n<\/div>\n<\/div>\n<\/div>\n<\/div>\n<\/div>\n<\/div>\n<\/div>\n<\/td>\n<\/tr>\n<tr>\n<td bgcolor=\"#CCCCCC\">\n<div align=\"left\">\u00c7al\u0131\u015fma Alanlar\u0131:<\/div>\n<\/td>\n<td bgcolor=\"#F3F3F3\">Bilgisayar Destekli Matematik E\u011fitimi, Geometri E\u011fitimi, Ba\u011flamsal \u00d6\u011frenme ve \u00d6\u011fretme, Problem \u00c7\u00f6zme.<\/td>\n<\/tr>\n<tr>\n<td bgcolor=\"#CCCCCC\">\n<div align=\"left\">\u0130leti\u015fim Bilgileri:<\/div>\n<\/td>\n<td bgcolor=\"#FFFFFF\"><\/td>\n<\/tr>\n<tr>\n<td bgcolor=\"#CCCCCC\">E-posta:<\/td>\n<td bgcolor=\"#F3F3F3\"><a href=\"mailto:abudak@erzincan.edu.tr\">serdalbaltaci@gmail.com<\/a><\/td>\n<\/tr>\n<tr>\n<td bgcolor=\"#CCCCCC\">\n<div align=\"left\">Web Adresi:<\/div>\n<\/td>\n<td bgcolor=\"#FFFFFF\">\u00a0https:\/\/akademik.ahievran.edu.tr\/site\/serdalbaltaci<\/p>\n<p>https:\/\/akademik.yok.gov.tr\/AkademikArama\/view\/viewAuthor.jsp<a href=\"http:\/\/bilmat.org\/calisma_grubu\/wp-content\/uploads\/2020\/11\/WhatsApp-Image-2020-10-26-at-14.29.53-Serdal-baltac\u0131.jpeg\"><br \/>\n<\/a><\/td>\n<\/tr>\n<\/tbody>\n<\/table>\n<p style=\"text-align: right;\">\n","protected":false},"excerpt":{"rendered":"<p>&nbsp; 1981 y\u0131l\u0131nda Nev\u015fehir\u2019in Hac\u0131bekta\u015f il\u00e7esinde do\u011fdu. \u0130lk, orta ve lise \u00f6\u011frenimini K\u0131r\u015fehir\u2019in Mucur il\u00e7esinde, 1991 y\u0131l\u0131nda R\u0131za Dikmen ilk\u00f6\u011fretim Okulunda, 1994 y\u0131l\u0131nda H\u00fcrriyet ilk\u00f6\u011fretim Okulunda ve 1997 y\u0131l\u0131nda Mucur Lisesinde tamamlad\u0131. 2003 y\u0131l\u0131nda Atat\u00fcrk \u00dcniversitesi KKEF Fak\u00fcltesinde Orta\u00f6\u011fretim Matematik \u00d6\u011fretmenli\u011fi B\u00f6l\u00fcm\u00fcn\u00fc bitirerek 2 y\u0131l Erzurum, 2 y\u0131l Kayseri\u2019de \u00f6zel dershanelerde Matematik \u00d6\u011fretmenli\u011fi yapt\u0131. 2007 [&hellip;]<\/p>\n","protected":false},"author":1,"featured_media":0,"parent":0,"menu_order":0,"comment_status":"closed","ping_status":"closed","template":"","meta":[],"_links":{"self":[{"href":"https:\/\/bilmat.org\/calisma_grubu\/wp-json\/wp\/v2\/pages\/997"}],"collection":[{"href":"https:\/\/bilmat.org\/calisma_grubu\/wp-json\/wp\/v2\/pages"}],"about":[{"href":"https:\/\/bilmat.org\/calisma_grubu\/wp-json\/wp\/v2\/types\/page"}],"author":[{"embeddable":true,"href":"https:\/\/bilmat.org\/calisma_grubu\/wp-json\/wp\/v2\/users\/1"}],"replies":[{"embeddable":true,"href":"https:\/\/bilmat.org\/calisma_grubu\/wp-json\/wp\/v2\/comments?post=997"}],"version-history":[{"count":8,"href":"https:\/\/bilmat.org\/calisma_grubu\/wp-json\/wp\/v2\/pages\/997\/revisions"}],"predecessor-version":[{"id":2366,"href":"https:\/\/bilmat.org\/calisma_grubu\/wp-json\/wp\/v2\/pages\/997\/revisions\/2366"}],"wp:attachment":[{"href":"https:\/\/bilmat.org\/calisma_grubu\/wp-json\/wp\/v2\/media?parent=997"}],"curies":[{"name":"wp","href":"https:\/\/api.w.org\/{rel}","templated":true}]}}